{"id":89,"date":"2021-06-25T09:49:06","date_gmt":"2021-06-25T09:49:06","guid":{"rendered":"http:\/\/kitarulavilag.hu\/?page_id=89"},"modified":"2021-06-27T12:11:25","modified_gmt":"2021-06-27T12:11:25","slug":"autizmus-spektrum-2","status":"publish","type":"page","link":"https:\/\/kitarulavilag.hu\/de\/autizmus-spektrum-2\/","title":{"rendered":"Autizmus spektrum"},"content":{"rendered":"<p>[et_pb_section fb_built=&#8220;1&#8243; _builder_version=&#8220;4.8.2&#8243; _module_preset=&#8220;default&#8220;][et_pb_row _builder_version=&#8220;4.9.4&#8243; _module_preset=&#8220;default&#8220;][et_pb_column type=&#8220;4_4&#8243; _builder_version=&#8220;4.9.4&#8243; _module_preset=&#8220;default&#8220;][et_pb_text _builder_version=&#8220;4.9.4&#8243; _module_preset=&#8220;default&#8220; header_2_text_align=&#8220;center&#8220;]<\/p>\n<h2>Autizmus spektrum pedag\u00f3gi\u00e1ja<\/h2>\n<p>[\/et_pb_text][\/et_pb_column][\/et_pb_row][et_pb_row column_structure=&#8220;3_5,2_5&#8243; _builder_version=&#8220;4.9.4&#8243; _module_preset=&#8220;default&#8220;][et_pb_column type=&#8220;3_5&#8243; _builder_version=&#8220;4.9.4&#8243; _module_preset=&#8220;default&#8220;][et_pb_text _builder_version=&#8220;4.9.4&#8243; _module_preset=&#8220;default&#8220;]<\/p>\n<p>Int\u00e9zm\u00e9ny\u00fcnk egyik f\u0151 tev\u00e9kenys\u00e9ge az autizmus-spektrum zavarral diagnosztiz\u00e1lt, vagy diagn\u00f3zisra v\u00e1r\u00f3 gyermekek \u00e9s csal\u00e1djaik ell\u00e1t\u00e1sa. Korai \u00e9letkort\u00f3l (1,5 \u00e9v) ak\u00e1r feln\u0151ttkorig lehet\u0151s\u00e9g van a fejleszt\u00e9sen val\u00f3 r\u00e9szv\u00e9telre. Csapatunk a korszer\u0171, evidencia-alap\u00fa autizmus-specifikus ell\u00e1t\u00e1s jegy\u00e9ben dolgozik. Ez azt jelenti, hogy olyan eszk\u00f6z\u00f6ket \u00e9s gyakorlatokat haszn\u00e1lunk, aminek a hat\u00e9konys\u00e1g\u00e1t m\u00e1r kutat\u00e1sok bizony\u00edtott\u00e1k.<\/p>\n<p>[\/et_pb_text][et_pb_text _builder_version=&#8220;4.9.4&#8243; _module_preset=&#8220;default&#8220;]<\/p>\n<p>Ahogy hozz\u00e1nk ker\u00fcl egy gyermek, a gy\u00f3gypedag\u00f3gus el\u0151sz\u00f6r a sz\u00fcl\u0151vel konzult\u00e1l, majd felm\u00e9ri a gyermek aktu\u00e1lis \u00e1llapot\u00e1t, ezek ut\u00e1n k\u00f6z\u00f6sen jel\u00f6lik ki a 2-3 legfontosabb c\u00e9lt, ami meghat\u00e1rozza a fejleszt\u00e9s folyamat\u00e1t. A sz\u00fcl\u0151vel folyamatos a kapcsolattart\u00e1s, a kisebbekn\u00e9l \u00e1ltal\u00e1ban bent is vannak a foglalkoz\u00e1sokon, \u00edgy hat\u00e9konyabb seg\u00edts\u00e9get kapnak gyermek\u00fck fejl\u0151d\u00e9s\u00e9nek otthoni seg\u00edt\u00e9s\u00e9ben, a mindennapi probl\u00e9m\u00e1k kezel\u00e9s\u00e9ben. A fejleszt\u00e9si c\u00e9lokat a gyermek \u00e1llapot\u00e1nak megfelel\u0151en folyamatosan fel\u00fclvizsg\u00e1ljuk, ha sz\u00fcks\u00e9ges m\u00f3dos\u00edtunk, ak\u00e1r k\u00f6nnyebb, ak\u00e1r komplexebb c\u00e9lok meghat\u00e1roz\u00e1s\u00e1val. Term\u00e9szetesen b\u00e1rmikor lehet\u0151s\u00e9g van sz\u00fcl\u0151konzult\u00e1ci\u00f3ra, ahol az akut\u00e1lis \u00e9lethelyzetre, neh\u00e9zs\u00e9gekre pr\u00f3b\u00e1lunk k\u00f6z\u00f6sen megold\u00e1st tal\u00e1lni.<\/p>\n<p>Lehet\u0151s\u00e9g van egy\u00e9ni, valamint csoportos fejleszt\u00e9sekre is a gyermek aktu\u00e1lis \u00e1llapot\u00e1t\u00f3l f\u00fcgg\u0151en. Az, hogy a gyermek egy\u00e9ni vagy csoportos foglalkoz\u00e1son vesz r\u00e9szt, els\u0151sorban szakmai d\u00f6nt\u00e9seken alapszik, de minden esetben bevonjuk a megbesz\u00e9l\u00e9sbe a sz\u00fcl\u0151ket. Lehet\u0151s\u00e9g van arra is, hogy a csoportos \u00e9s egy\u00e9ni foglalkoz\u00e1sokra p\u00e1rhuzamosan ker\u00fclj\u00f6n sor.<\/p>\n<p>[\/et_pb_text][\/et_pb_column][et_pb_column type=&#8220;2_5&#8243; _builder_version=&#8220;4.9.4&#8243; _module_preset=&#8220;default&#8220;][et_pb_image src=&#8220;http:\/\/kitarulavilag.hu\/wp-content\/uploads\/2021\/06\/Autizmus-spektrum.jpg&#8220; title_text=&#8220;Autizmus-spektrum&#8220; _builder_version=&#8220;4.9.4&#8243; _module_preset=&#8220;default&#8220;][\/et_pb_image][et_pb_image src=&#8220;http:\/\/kitarulavilag.hu\/wp-content\/uploads\/2021\/06\/IMG_4616.jpg&#8220; title_text=&#8220;IMG_4616&#8243; _builder_version=&#8220;4.9.4&#8243; _module_preset=&#8220;default&#8220;][\/et_pb_image][\/et_pb_column][\/et_pb_row][et_pb_row _builder_version=&#8220;4.9.4&#8243; _module_preset=&#8220;default&#8220;][et_pb_column type=&#8220;4_4&#8243; _builder_version=&#8220;4.9.4&#8243; _module_preset=&#8220;default&#8220;][et_pb_text _builder_version=&#8220;4.9.4&#8243; _module_preset=&#8220;default&#8220;]<\/p>\n<p>Fontos megjegyezni, hogy az autizmus a tudom\u00e1ny mai \u00e1ll\u00e1spontja szerint az eg\u00e9sz \u00e9letet v\u00e9gig k\u00eds\u00e9r\u0151 \u00e1llapot. Az autizmus ell\u00e1t\u00e1s legf\u0151bb c\u00e9lja az \u00e9rintett maxim\u00e1lis \u00f6n\u00e1ll\u00f3s\u00e1g\u00e1nak t\u00e1mogat\u00e1sa. Ehhez a konkr\u00e9t c\u00e9lokat t\u00f6bbek k\u00f6z\u00f6tt a kommunik\u00e1ci\u00f3, t\u00e1rsas interakci\u00f3k, a j\u00e1t\u00e9k, szabadid\u0151s tev\u00e9kenys\u00e9gek, \u00f6nell\u00e1t\u00e1s, \u00f6n\u00e1ll\u00f3 \u00e9letre val\u00f3 felk\u00e9sz\u00edt\u00e9s ter\u00fcletein hat\u00e1rozzuk meg. C\u00e9lunk, hogy a sz\u00fcl\u0151knek \u00e9s az \u00e9rintetteknek is szem\u00e9lyre szabottan tudjunk eszk\u00f6z\u00f6ket adni a kez\u00e9be a min\u00e9l teljesebb \u00e9s \u00f6n\u00e1ll\u00f3bb \u00e9lethez.<\/p>\n<p><strong>Nagy Eszter<br \/><\/strong>Gy\u00f3gypedag\u00f3gus &#8211; autizmus spektrum pedag\u00f3gi\u00e1ja szakir\u00e1ny<\/p>\n<p>[\/et_pb_text][\/et_pb_column][\/et_pb_row][et_pb_row _builder_version=&#8220;4.8.2&#8243; _module_preset=&#8220;default&#8220;][et_pb_column type=&#8220;4_4&#8243; _builder_version=&#8220;4.8.2&#8243; _module_preset=&#8220;default&#8220;][et_pb_button button_url=&#8220;@ET-DC@eyJkeW5hbWljIjp0cnVlLCJjb250ZW50IjoicG9zdF9saW5rX3VybF9wYWdlIiwic2V0dGluZ3MiOnsicG9zdF9pZCI6IjIwNSJ9fQ==@&#8220; button_text=&#8220;Vissza&#8220; button_alignment=&#8220;center&#8220; _builder_version=&#8220;4.9.7&#8243; _dynamic_attributes=&#8220;button_url&#8220; _module_preset=&#8220;default&#8220;][\/et_pb_button][\/et_pb_column][\/et_pb_row][\/et_pb_section]<\/p>\n","protected":false},"excerpt":{"rendered":"<p>Autizmus spektrum pedag\u00f3gi\u00e1jaInt\u00e9zm\u00e9ny\u00fcnk egyik f\u0151 tev\u00e9kenys\u00e9ge az autizmus-spektrum zavarral diagnosztiz\u00e1lt, vagy diagn\u00f3zisra v\u00e1r\u00f3 gyermekek \u00e9s csal\u00e1djaik ell\u00e1t\u00e1sa. Korai \u00e9letkort\u00f3l (1,5 \u00e9v) ak\u00e1r feln\u0151ttkorig lehet\u0151s\u00e9g van a fejleszt\u00e9sen val\u00f3 r\u00e9szv\u00e9telre. Csapatunk a korszer\u0171, evidencia-alap\u00fa autizmus-specifikus ell\u00e1t\u00e1s jegy\u00e9ben dolgozik. Ez azt jelenti, hogy olyan eszk\u00f6z\u00f6ket \u00e9s gyakorlatokat haszn\u00e1lunk, aminek a hat\u00e9konys\u00e1g\u00e1t m\u00e1r kutat\u00e1sok bizony\u00edtott\u00e1k.Ahogy hozz\u00e1nk ker\u00fcl egy [&hellip;]<\/p>\n","protected":false},"author":2,"featured_media":466,"parent":0,"menu_order":0,"comment_status":"closed","ping_status":"closed","template":"","meta":{"_et_pb_use_builder":"on","_et_pb_old_content":"","_et_gb_content_width":"","footnotes":""},"class_list":["post-89","page","type-page","status-publish","has-post-thumbnail","hentry"],"yoast_head":"<!-- This site is optimized with the Yoast SEO plugin v27.5 - https:\/\/yoast.com\/product\/yoast-seo-wordpress\/ -->\n<title>Autizmus spektrum - Melind\u00e1val Kit\u00e1rul a Vil\u00e1g<\/title>\n<meta name=\"description\" content=\"Int\u00e9zm\u00e9ny\u00fcnk egyik f\u0151 tev\u00e9kenys\u00e9ge az autizmus-spektrum zavarral diagnosztiz\u00e1lt, vagy diagn\u00f3zisra v\u00e1r\u00f3 gyermekek \u00e9s csal\u00e1djaik ell\u00e1t\u00e1sa. Korai \u00e9letkort\u00f3l (1,5 \u00e9v) ak\u00e1r feln\u0151ttkorig lehet\u0151s\u00e9g van a fejleszt\u00e9sen val\u00f3 r\u00e9szv\u00e9telre. Csapatunk a korszer\u0171, evidencia-alap\u00fa autizmus-specifikus ell\u00e1t\u00e1s jegy\u00e9ben dolgozik. Ez azt jelenti, hogy olyan eszk\u00f6z\u00f6ket \u00e9s gyakorlatokat haszn\u00e1lunk, aminek a hat\u00e9konys\u00e1g\u00e1t m\u00e1r kutat\u00e1sok bizony\u00edtott\u00e1k.\" \/>\n<meta name=\"robots\" content=\"index, follow, max-snippet:-1, max-image-preview:large, max-video-preview:-1\" \/>\n<link rel=\"canonical\" href=\"https:\/\/kitarulavilag.hu\/de\/autizmus-spektrum-2\/\" \/>\n<meta property=\"og:locale\" content=\"de_DE\" \/>\n<meta property=\"og:locale:alternate\" content=\"hu_HU\" \/>\n<meta property=\"og:type\" content=\"article\" \/>\n<meta property=\"og:title\" content=\"Autizmus spektrum - Melind\u00e1val Kit\u00e1rul a Vil\u00e1g\" \/>\n<meta property=\"og:description\" content=\"Int\u00e9zm\u00e9ny\u00fcnk egyik f\u0151 tev\u00e9kenys\u00e9ge az autizmus-spektrum zavarral diagnosztiz\u00e1lt, vagy diagn\u00f3zisra v\u00e1r\u00f3 gyermekek \u00e9s csal\u00e1djaik ell\u00e1t\u00e1sa. Korai \u00e9letkort\u00f3l (1,5 \u00e9v) ak\u00e1r feln\u0151ttkorig lehet\u0151s\u00e9g van a fejleszt\u00e9sen val\u00f3 r\u00e9szv\u00e9telre. Csapatunk a korszer\u0171, evidencia-alap\u00fa autizmus-specifikus ell\u00e1t\u00e1s jegy\u00e9ben dolgozik. Ez azt jelenti, hogy olyan eszk\u00f6z\u00f6ket \u00e9s gyakorlatokat haszn\u00e1lunk, aminek a hat\u00e9konys\u00e1g\u00e1t m\u00e1r kutat\u00e1sok bizony\u00edtott\u00e1k.\" \/>\n<meta property=\"og:url\" content=\"https:\/\/kitarulavilag.hu\/de\/autizmus-spektrum-2\/\" \/>\n<meta property=\"og:site_name\" content=\"Melind\u00e1val Kit\u00e1rul a Vil\u00e1g\" \/>\n<meta property=\"article:publisher\" content=\"https:\/\/www.facebook.com\/kitarulavilag\" \/>\n<meta property=\"article:modified_time\" content=\"2021-06-27T12:11:25+00:00\" \/>\n<meta property=\"og:image\" content=\"https:\/\/kitarulavilag.hu\/wp-content\/uploads\/2021\/06\/WP_20150401_001.jpg\" \/>\n\t<meta property=\"og:image:width\" content=\"900\" \/>\n\t<meta property=\"og:image:height\" content=\"506\" \/>\n\t<meta property=\"og:image:type\" content=\"image\/jpeg\" \/>\n<meta name=\"twitter:card\" content=\"summary_large_image\" \/>\n<meta name=\"twitter:label1\" content=\"Gesch\u00e4tzte Lesezeit\" \/>\n\t<meta name=\"twitter:data1\" content=\"4\u00a0Minuten\" \/>\n<script type=\"application\/ld+json\" class=\"yoast-schema-graph\">{\"@context\":\"https:\\\/\\\/schema.org\",\"@graph\":[{\"@type\":\"WebPage\",\"@id\":\"https:\\\/\\\/kitarulavilag.hu\\\/autizmus-spektrum-2\\\/\",\"url\":\"https:\\\/\\\/kitarulavilag.hu\\\/autizmus-spektrum-2\\\/\",\"name\":\"Autizmus spektrum - Melind\u00e1val Kit\u00e1rul a Vil\u00e1g\",\"isPartOf\":{\"@id\":\"https:\\\/\\\/kitarulavilag.hu\\\/#website\"},\"primaryImageOfPage\":{\"@id\":\"https:\\\/\\\/kitarulavilag.hu\\\/autizmus-spektrum-2\\\/#primaryimage\"},\"image\":{\"@id\":\"https:\\\/\\\/kitarulavilag.hu\\\/autizmus-spektrum-2\\\/#primaryimage\"},\"thumbnailUrl\":\"https:\\\/\\\/kitarulavilag.hu\\\/wp-content\\\/uploads\\\/2021\\\/06\\\/WP_20150401_001.jpg\",\"datePublished\":\"2021-06-25T09:49:06+00:00\",\"dateModified\":\"2021-06-27T12:11:25+00:00\",\"description\":\"Int\u00e9zm\u00e9ny\u00fcnk egyik f\u0151 tev\u00e9kenys\u00e9ge az autizmus-spektrum zavarral diagnosztiz\u00e1lt, vagy diagn\u00f3zisra v\u00e1r\u00f3 gyermekek \u00e9s csal\u00e1djaik ell\u00e1t\u00e1sa. Korai \u00e9letkort\u00f3l (1,5 \u00e9v) ak\u00e1r feln\u0151ttkorig lehet\u0151s\u00e9g van a fejleszt\u00e9sen val\u00f3 r\u00e9szv\u00e9telre. Csapatunk a korszer\u0171, evidencia-alap\u00fa autizmus-specifikus ell\u00e1t\u00e1s jegy\u00e9ben dolgozik. Ez azt jelenti, hogy olyan eszk\u00f6z\u00f6ket \u00e9s gyakorlatokat haszn\u00e1lunk, aminek a hat\u00e9konys\u00e1g\u00e1t m\u00e1r kutat\u00e1sok bizony\u00edtott\u00e1k.\",\"breadcrumb\":{\"@id\":\"https:\\\/\\\/kitarulavilag.hu\\\/autizmus-spektrum-2\\\/#breadcrumb\"},\"inLanguage\":\"de-DE\",\"potentialAction\":[{\"@type\":\"ReadAction\",\"target\":[\"https:\\\/\\\/kitarulavilag.hu\\\/autizmus-spektrum-2\\\/\"]}]},{\"@type\":\"ImageObject\",\"inLanguage\":\"de-DE\",\"@id\":\"https:\\\/\\\/kitarulavilag.hu\\\/autizmus-spektrum-2\\\/#primaryimage\",\"url\":\"https:\\\/\\\/kitarulavilag.hu\\\/wp-content\\\/uploads\\\/2021\\\/06\\\/WP_20150401_001.jpg\",\"contentUrl\":\"https:\\\/\\\/kitarulavilag.hu\\\/wp-content\\\/uploads\\\/2021\\\/06\\\/WP_20150401_001.jpg\",\"width\":900,\"height\":506},{\"@type\":\"BreadcrumbList\",\"@id\":\"https:\\\/\\\/kitarulavilag.hu\\\/autizmus-spektrum-2\\\/#breadcrumb\",\"itemListElement\":[{\"@type\":\"ListItem\",\"position\":1,\"name\":\"Kezd\u0151lap\",\"item\":\"https:\\\/\\\/kitarulavilag.hu\\\/\"},{\"@type\":\"ListItem\",\"position\":2,\"name\":\"Autizmus spektrum\"}]},{\"@type\":\"WebSite\",\"@id\":\"https:\\\/\\\/kitarulavilag.hu\\\/#website\",\"url\":\"https:\\\/\\\/kitarulavilag.hu\\\/\",\"name\":\"Melind\u00e1val Kit\u00e1rul a Vil\u00e1g\",\"description\":\"Fejleszt\u0151 K\u00f6zpont\",\"publisher\":{\"@id\":\"https:\\\/\\\/kitarulavilag.hu\\\/#organization\"},\"potentialAction\":[{\"@type\":\"SearchAction\",\"target\":{\"@type\":\"EntryPoint\",\"urlTemplate\":\"https:\\\/\\\/kitarulavilag.hu\\\/?s={search_term_string}\"},\"query-input\":{\"@type\":\"PropertyValueSpecification\",\"valueRequired\":true,\"valueName\":\"search_term_string\"}}],\"inLanguage\":\"de-DE\"},{\"@type\":\"Organization\",\"@id\":\"https:\\\/\\\/kitarulavilag.hu\\\/#organization\",\"name\":\"Kit\u00e1rul a Vil\u00e1g Fejleszt\u0151 K\u00f6zpont\",\"url\":\"https:\\\/\\\/kitarulavilag.hu\\\/\",\"logo\":{\"@type\":\"ImageObject\",\"inLanguage\":\"de-DE\",\"@id\":\"https:\\\/\\\/kitarulavilag.hu\\\/#\\\/schema\\\/logo\\\/image\\\/\",\"url\":\"http:\\\/\\\/kitarulavilag.hu\\\/wp-content\\\/uploads\\\/2021\\\/06\\\/cropped-Kitarul_a_vilag_logo-1.png\",\"contentUrl\":\"http:\\\/\\\/kitarulavilag.hu\\\/wp-content\\\/uploads\\\/2021\\\/06\\\/cropped-Kitarul_a_vilag_logo-1.png\",\"width\":512,\"height\":512,\"caption\":\"Kit\u00e1rul a Vil\u00e1g Fejleszt\u0151 K\u00f6zpont\"},\"image\":{\"@id\":\"https:\\\/\\\/kitarulavilag.hu\\\/#\\\/schema\\\/logo\\\/image\\\/\"},\"sameAs\":[\"https:\\\/\\\/www.facebook.com\\\/kitarulavilag\"]}]}<\/script>\n<!-- \/ Yoast SEO plugin. -->","yoast_head_json":{"title":"Autizmus spektrum - Melind\u00e1val Kit\u00e1rul a Vil\u00e1g","description":"Int\u00e9zm\u00e9ny\u00fcnk egyik f\u0151 tev\u00e9kenys\u00e9ge az autizmus-spektrum zavarral diagnosztiz\u00e1lt, vagy diagn\u00f3zisra v\u00e1r\u00f3 gyermekek \u00e9s csal\u00e1djaik ell\u00e1t\u00e1sa. Korai \u00e9letkort\u00f3l (1,5 \u00e9v) ak\u00e1r feln\u0151ttkorig lehet\u0151s\u00e9g van a fejleszt\u00e9sen val\u00f3 r\u00e9szv\u00e9telre. Csapatunk a korszer\u0171, evidencia-alap\u00fa autizmus-specifikus ell\u00e1t\u00e1s jegy\u00e9ben dolgozik. Ez azt jelenti, hogy olyan eszk\u00f6z\u00f6ket \u00e9s gyakorlatokat haszn\u00e1lunk, aminek a hat\u00e9konys\u00e1g\u00e1t m\u00e1r kutat\u00e1sok bizony\u00edtott\u00e1k.","robots":{"index":"index","follow":"follow","max-snippet":"max-snippet:-1","max-image-preview":"max-image-preview:large","max-video-preview":"max-video-preview:-1"},"canonical":"https:\/\/kitarulavilag.hu\/de\/autizmus-spektrum-2\/","og_locale":"de_DE","og_type":"article","og_title":"Autizmus spektrum - Melind\u00e1val Kit\u00e1rul a Vil\u00e1g","og_description":"Int\u00e9zm\u00e9ny\u00fcnk egyik f\u0151 tev\u00e9kenys\u00e9ge az autizmus-spektrum zavarral diagnosztiz\u00e1lt, vagy diagn\u00f3zisra v\u00e1r\u00f3 gyermekek \u00e9s csal\u00e1djaik ell\u00e1t\u00e1sa. Korai \u00e9letkort\u00f3l (1,5 \u00e9v) ak\u00e1r feln\u0151ttkorig lehet\u0151s\u00e9g van a fejleszt\u00e9sen val\u00f3 r\u00e9szv\u00e9telre. Csapatunk a korszer\u0171, evidencia-alap\u00fa autizmus-specifikus ell\u00e1t\u00e1s jegy\u00e9ben dolgozik. Ez azt jelenti, hogy olyan eszk\u00f6z\u00f6ket \u00e9s gyakorlatokat haszn\u00e1lunk, aminek a hat\u00e9konys\u00e1g\u00e1t m\u00e1r kutat\u00e1sok bizony\u00edtott\u00e1k.","og_url":"https:\/\/kitarulavilag.hu\/de\/autizmus-spektrum-2\/","og_site_name":"Melind\u00e1val Kit\u00e1rul a Vil\u00e1g","article_publisher":"https:\/\/www.facebook.com\/kitarulavilag","article_modified_time":"2021-06-27T12:11:25+00:00","og_image":[{"width":900,"height":506,"url":"https:\/\/kitarulavilag.hu\/wp-content\/uploads\/2021\/06\/WP_20150401_001.jpg","type":"image\/jpeg"}],"twitter_card":"summary_large_image","twitter_misc":{"Gesch\u00e4tzte Lesezeit":"4\u00a0Minuten"},"schema":{"@context":"https:\/\/schema.org","@graph":[{"@type":"WebPage","@id":"https:\/\/kitarulavilag.hu\/autizmus-spektrum-2\/","url":"https:\/\/kitarulavilag.hu\/autizmus-spektrum-2\/","name":"Autizmus spektrum - Melind\u00e1val Kit\u00e1rul a Vil\u00e1g","isPartOf":{"@id":"https:\/\/kitarulavilag.hu\/#website"},"primaryImageOfPage":{"@id":"https:\/\/kitarulavilag.hu\/autizmus-spektrum-2\/#primaryimage"},"image":{"@id":"https:\/\/kitarulavilag.hu\/autizmus-spektrum-2\/#primaryimage"},"thumbnailUrl":"https:\/\/kitarulavilag.hu\/wp-content\/uploads\/2021\/06\/WP_20150401_001.jpg","datePublished":"2021-06-25T09:49:06+00:00","dateModified":"2021-06-27T12:11:25+00:00","description":"Int\u00e9zm\u00e9ny\u00fcnk egyik f\u0151 tev\u00e9kenys\u00e9ge az autizmus-spektrum zavarral diagnosztiz\u00e1lt, vagy diagn\u00f3zisra v\u00e1r\u00f3 gyermekek \u00e9s csal\u00e1djaik ell\u00e1t\u00e1sa. Korai \u00e9letkort\u00f3l (1,5 \u00e9v) ak\u00e1r feln\u0151ttkorig lehet\u0151s\u00e9g van a fejleszt\u00e9sen val\u00f3 r\u00e9szv\u00e9telre. Csapatunk a korszer\u0171, evidencia-alap\u00fa autizmus-specifikus ell\u00e1t\u00e1s jegy\u00e9ben dolgozik. Ez azt jelenti, hogy olyan eszk\u00f6z\u00f6ket \u00e9s gyakorlatokat haszn\u00e1lunk, aminek a hat\u00e9konys\u00e1g\u00e1t m\u00e1r kutat\u00e1sok bizony\u00edtott\u00e1k.","breadcrumb":{"@id":"https:\/\/kitarulavilag.hu\/autizmus-spektrum-2\/#breadcrumb"},"inLanguage":"de-DE","potentialAction":[{"@type":"ReadAction","target":["https:\/\/kitarulavilag.hu\/autizmus-spektrum-2\/"]}]},{"@type":"ImageObject","inLanguage":"de-DE","@id":"https:\/\/kitarulavilag.hu\/autizmus-spektrum-2\/#primaryimage","url":"https:\/\/kitarulavilag.hu\/wp-content\/uploads\/2021\/06\/WP_20150401_001.jpg","contentUrl":"https:\/\/kitarulavilag.hu\/wp-content\/uploads\/2021\/06\/WP_20150401_001.jpg","width":900,"height":506},{"@type":"BreadcrumbList","@id":"https:\/\/kitarulavilag.hu\/autizmus-spektrum-2\/#breadcrumb","itemListElement":[{"@type":"ListItem","position":1,"name":"Kezd\u0151lap","item":"https:\/\/kitarulavilag.hu\/"},{"@type":"ListItem","position":2,"name":"Autizmus spektrum"}]},{"@type":"WebSite","@id":"https:\/\/kitarulavilag.hu\/#website","url":"https:\/\/kitarulavilag.hu\/","name":"Melind\u00e1val Kit\u00e1rul a Vil\u00e1g","description":"Fejleszt\u0151 K\u00f6zpont","publisher":{"@id":"https:\/\/kitarulavilag.hu\/#organization"},"potentialAction":[{"@type":"SearchAction","target":{"@type":"EntryPoint","urlTemplate":"https:\/\/kitarulavilag.hu\/?s={search_term_string}"},"query-input":{"@type":"PropertyValueSpecification","valueRequired":true,"valueName":"search_term_string"}}],"inLanguage":"de-DE"},{"@type":"Organization","@id":"https:\/\/kitarulavilag.hu\/#organization","name":"Kit\u00e1rul a Vil\u00e1g Fejleszt\u0151 K\u00f6zpont","url":"https:\/\/kitarulavilag.hu\/","logo":{"@type":"ImageObject","inLanguage":"de-DE","@id":"https:\/\/kitarulavilag.hu\/#\/schema\/logo\/image\/","url":"http:\/\/kitarulavilag.hu\/wp-content\/uploads\/2021\/06\/cropped-Kitarul_a_vilag_logo-1.png","contentUrl":"http:\/\/kitarulavilag.hu\/wp-content\/uploads\/2021\/06\/cropped-Kitarul_a_vilag_logo-1.png","width":512,"height":512,"caption":"Kit\u00e1rul a Vil\u00e1g Fejleszt\u0151 K\u00f6zpont"},"image":{"@id":"https:\/\/kitarulavilag.hu\/#\/schema\/logo\/image\/"},"sameAs":["https:\/\/www.facebook.com\/kitarulavilag"]}]}},"jetpack_sharing_enabled":true,"_links":{"self":[{"href":"https:\/\/kitarulavilag.hu\/de\/wp-json\/wp\/v2\/pages\/89","targetHints":{"allow":["GET"]}}],"collection":[{"href":"https:\/\/kitarulavilag.hu\/de\/wp-json\/wp\/v2\/pages"}],"about":[{"href":"https:\/\/kitarulavilag.hu\/de\/wp-json\/wp\/v2\/types\/page"}],"author":[{"embeddable":true,"href":"https:\/\/kitarulavilag.hu\/de\/wp-json\/wp\/v2\/users\/2"}],"replies":[{"embeddable":true,"href":"https:\/\/kitarulavilag.hu\/de\/wp-json\/wp\/v2\/comments?post=89"}],"version-history":[{"count":4,"href":"https:\/\/kitarulavilag.hu\/de\/wp-json\/wp\/v2\/pages\/89\/revisions"}],"predecessor-version":[{"id":474,"href":"https:\/\/kitarulavilag.hu\/de\/wp-json\/wp\/v2\/pages\/89\/revisions\/474"}],"wp:featuredmedia":[{"embeddable":true,"href":"https:\/\/kitarulavilag.hu\/de\/wp-json\/wp\/v2\/media\/466"}],"wp:attachment":[{"href":"https:\/\/kitarulavilag.hu\/de\/wp-json\/wp\/v2\/media?parent=89"}],"curies":[{"name":"wp","href":"https:\/\/api.w.org\/{rel}","templated":true}]}}