{"id":75,"date":"2021-06-25T09:26:05","date_gmt":"2021-06-25T09:26:05","guid":{"rendered":"http:\/\/kitarulavilag.hu\/?page_id=75"},"modified":"2025-12-08T16:21:57","modified_gmt":"2025-12-08T16:21:57","slug":"aktualitasok","status":"publish","type":"page","link":"https:\/\/kitarulavilag.hu\/de\/aktualitasok\/","title":{"rendered":"Aktualit\u00e1sok"},"content":{"rendered":"<p>[et_pb_section fb_built=&#8220;1&#8243; _builder_version=&#8220;4.16&#8243; _module_preset=&#8220;default&#8220; global_colors_info=&#8220;{}&#8220;][et_pb_row _builder_version=&#8220;4.16&#8243; _module_preset=&#8220;default&#8220; custom_padding=&#8220;63px|||||&#8220; global_colors_info=&#8220;{}&#8220;][et_pb_column type=&#8220;4_4&#8243; _builder_version=&#8220;4.16&#8243; _module_preset=&#8220;default&#8220; global_colors_info=&#8220;{}&#8220;][et_pb_toggle title=&#8220;T\u00e9li sz\u00fcnet, telefonos el\u00e9rhet\u0151s\u00e9g 2025. december&#8220; open_toggle_text_color=&#8220;#000000&#8243; open_toggle_background_color=&#8220;#FFFFFF&#8220; closed_toggle_background_color=&#8220;#0C71C3&#8243; icon_color=&#8220;#ffbd16&#8243; use_icon_font_size=&#8220;on&#8220; icon_font_size=&#8220;28px&#8220; open_icon_color=&#8220;#ffbd16&#8243; open_use_icon_font_size=&#8220;on&#8220; open_icon_font_size=&#8220;28px&#8220; _builder_version=&#8220;4.16&#8243; _module_preset=&#8220;default&#8220; title_text_color=&#8220;#FFFFFF&#8220; global_colors_info=&#8220;{}&#8220;]<\/p>\n<p>Kedves Sz\u00fcl\u0151k, \u00c9rdekl\u0151d\u0151k!<\/p>\n<p>Int\u00e9zm\u00e9ny\u00fcnk telefonon 2025. december 15 &#8211; 2026. janu\u00e1r 5 k\u00f6z\u00f6tt nem lesz el\u00e9rhet\u0151. Emailben kereshetnek minket felm\u00e9r\u00e9si id\u0151pontok\u00e9rt. N\u00e9h\u00e1ny napon bel\u00fcl v\u00e1laszolunk.<\/p>\n<p>2025. december 20 \u00e9s 2026. janu\u00e1r 4 k\u00f6z\u00f6tt az int\u00e9zm\u00e9ny teljesen z\u00e1rva tart. Az emailekre 2026. janu\u00e1r 5 ut\u00e1n folyamatosan v\u00e1laszolunk.<\/p>\n<p>Kellemes \u00fcnnepeket \u00e9s boldog \u00faj \u00e9vet k\u00edv\u00e1nunk!<\/p>\n<p><span style=\"font-size: 17px;\">a Kit\u00e1rul a vil\u00e1g Fejleszt\u0151 K\u00f6zpont CSAPATA<\/span><\/p>\n<p>[\/et_pb_toggle][et_pb_toggle title=&#8220;\u00daj szolg\u00e1ltal\u00e1s int\u00e9zm\u00e9ny\u00fcnkben!&#8220; open_toggle_text_color=&#8220;#000000&#8243; open_toggle_background_color=&#8220;#FFFFFF&#8220; closed_toggle_background_color=&#8220;#0C71C3&#8243; icon_color=&#8220;#ffbd16&#8243; use_icon_font_size=&#8220;on&#8220; icon_font_size=&#8220;28px&#8220; open_icon_color=&#8220;#ffbd16&#8243; open_use_icon_font_size=&#8220;on&#8220; open_icon_font_size=&#8220;28px&#8220; _builder_version=&#8220;4.16&#8243; _module_preset=&#8220;default&#8220; title_text_color=&#8220;#FFFFFF&#8220; global_colors_info=&#8220;{}&#8220;]<\/p>\n<p>Kedves Sz\u00fcl\u0151k, \u00c9rdekl\u0151d\u0151k!<\/p>\n<p>\u00daj szolg\u00e1ltal\u00e1sokkal b\u0151v\u00fcl a reperto\u00e1runk. Gyesr\u0151l visszat\u00e9r\u0151 koll\u00e9gan\u0151nk R\u00e9k\u00e1si &#8211; Varga Erika v\u00e1rja a sz\u00fcl\u0151ket (\u00e9desany\u00e1kat \u00e9s \u00e9desap\u00e1kat is) csecsem\u0151massz\u00e1zs oktat\u00f3k\u00e9nt \u00e9s perinat\u00e1lis szaktan\u00e1csad\u00f3k\u00e9nt.\u00a0<\/p>\n<p>\u00a0Perinat\u00e1lis szaktan\u00e1csad\u00e1sra azokat v\u00e1rja a koll\u00e9gan\u0151, akit foglalkoztat a gyermekv\u00e1llal\u00e1s (els\u0151 gyermek, testv\u00e9r v\u00e1llal\u00e1sa) k\u00e9rd\u00e9se,<br \/>aki a v\u00e1rand\u00f3ss\u00e1g sor\u00e1n, a gyermek\u00e1gyas id\u0151szakban vagy a gyermeke els\u0151 h\u00e1rom \u00e9v\u00e9ben jelentkez\u0151 praktikus \u00e9s\/vagy \u00e9rzelmi kih\u00edv\u00e1sok kezel\u00e9s\u00e9ben szakember \u00e1ltali t\u00e1mogat\u00e1sra v\u00e1gyik. (Sz\u00fcl\u0151-csecsem\u0151 kapcsolati neh\u00e9zs\u00e9gek, sz\u00fcl\u00e9s ut\u00e1ni<br \/>hangulatv\u00e1ltoz\u00e1sok, stb.) akinek sz\u00fcl\u00e9s\u00e9lm\u00e9nye feldolgoz\u00e1sra v\u00e1r (cs\u00e1sz\u00e1rmetsz\u00e9s, korasz\u00fcl\u00e9s, m\u00e9ltatlan<br \/>b\u00e1n\u00e1sm\u00f3d, stb.) aki term\u00e9kenys\u00e9gi nehez\u00edtetts\u00e9ggel k\u00fczd akit pre- vagy perinat\u00e1lis vesztes\u00e9g \u00e9rt. Fontos, hogy ezekben a t\u00e9m\u00e1kban akkor tudj\u00e1k keresni a koll\u00e9gan\u0151t, ha egy\u00e9b diagn\u00f3zis (pl. depresszi\u00f3, szorong\u00e1s stb.) nem \u00e1ll fenn. Amennyiben valamilyen alap diagn\u00f3zisuk van, k\u00e9rj\u00fck egyeztessenek a szakpszichol\u00f3gusukkal, hogy lehets\u00e9ges-e a p\u00e1rhuzamos ell\u00e1t\u00e1s.\u00a0<\/p>\n<p>Babamassz\u00e1zs tanfolyamra azokat a sz\u00fcl\u0151ket v\u00e1rjuk, aki szeretne egy k\u00f6z\u00f6s tev\u00e9kenys\u00e9g sor\u00e1n m\u00e9lyebben kapcsol\u00f3dni kisbab\u00e1j\u00e1val,\u00a0<br \/>aki szeretn\u00e9 pontosabban \u00e9rteni kisbab\u00e1ja jelz\u00e9seit, aki \u00fagy \u00e9rzi, t\u00e1mogat\u00e1sra van sz\u00fcks\u00e9ge a kisbab\u00e1j\u00e1val val\u00f3 egym\u00e1sra hangol\u00f3d\u00e1sban, akinek hasf\u00e1j\u00e1s, ny\u0171g\u00f6ss\u00e9g vagy nyugtalan alv\u00e1s nehez\u00edtik a mindennapjait.<\/p>\n<p>Ez az egyszer elsaj\u00e1t\u00edtott tud\u00e1sanyag \u00f6r\u00f6kre a r\u00e9sztvev\u0151k birtok\u00e1ban marad. Jelentkezni lehet a bab\u00e1k 0-12 h\u00f3napos kor\u00e1ig.<\/p>\n<p>&nbsp;<\/p>\n<p><span style=\"font-size: 17px;\">K\u00f6sz\u00f6nj\u00fck a Kit\u00e1rul a vil\u00e1g Fejleszt\u0151 K\u00f6zpont CSAPATA<\/span><\/p>\n<p>[\/et_pb_toggle][et_pb_toggle title=&#8220;\u00dajra telth\u00e1z van a 2025\/26-os tan\u00e9vre&#8220; open_toggle_text_color=&#8220;#000000&#8243; open_toggle_background_color=&#8220;#FFFFFF&#8220; closed_toggle_background_color=&#8220;#0C71C3&#8243; icon_color=&#8220;#ffbd16&#8243; use_icon_font_size=&#8220;on&#8220; icon_font_size=&#8220;28px&#8220; open_icon_color=&#8220;#ffbd16&#8243; open_use_icon_font_size=&#8220;on&#8220; open_icon_font_size=&#8220;28px&#8220; _builder_version=&#8220;4.16&#8243; _module_preset=&#8220;default&#8220; title_text_color=&#8220;#FFFFFF&#8220; global_colors_info=&#8220;{}&#8220;]<\/p>\n<p>Kedves Sz\u00fcl\u0151k, \u00c9rdekl\u0151d\u0151k!<\/p>\n<p>Sajnos int\u00e9zm\u00e9ny\u00fcnk ism\u00e9t telt h\u00e1zzal m\u0171k\u00f6dik. Ebben a tan\u00e9vben \u00faj gyermeket kiz\u00e1r\u00f3lag v\u00e1r\u00f3list\u00e1ra tudunk felvenni. Jelenleg a k\u00f6vetkez\u0151 tan\u00e9vt\u0151l v\u00e1rhat\u00f3 \u00fcresed\u00e9s.\u00a0<\/p>\n<p>CSECSEM\u0150KET \u00e9s szoptat\u00e1si neh\u00e9zs\u00e9g eset\u00e9n k\u00e9rj\u00fck emailben vagy a facebook oldalnak k\u00fcld\u00f6tt \u00fczenetben jelentkezzenek. A MOZG\u00c1SFEJLESZT\u0150 (k\u00fasz\u00f3-m\u00e1sz\u00f3, tipeg\u0151, b\u00f6lcsis, ovis) CSOPORTOKBAN m\u00e9g van hely.\u00a0<\/p>\n<p><span style=\"font-size: 17px;\">K\u00f6sz\u00f6nj\u00fck a Kit\u00e1rul a vil\u00e1g Fejleszt\u0151 K\u00f6zpont CSAPATA<\/span><\/p>\n<p>[\/et_pb_toggle][et_pb_toggle title=&#8220;Ny\u00e1ri sz\u00fcnet, ism\u00e9t v\u00e1runk \u00faj gyerekeket!&#8220; open_toggle_text_color=&#8220;#000000&#8243; open_toggle_background_color=&#8220;#FFFFFF&#8220; closed_toggle_background_color=&#8220;#0C71C3&#8243; icon_color=&#8220;#ffbd16&#8243; use_icon_font_size=&#8220;on&#8220; icon_font_size=&#8220;28px&#8220; open_icon_color=&#8220;#ffbd16&#8243; open_use_icon_font_size=&#8220;on&#8220; open_icon_font_size=&#8220;28px&#8220; _builder_version=&#8220;4.16&#8243; _module_preset=&#8220;default&#8220; title_text_color=&#8220;#FFFFFF&#8220; global_colors_info=&#8220;{}&#8220;]<\/p>\n<p>Kedves Sz\u00fcl\u0151k, \u00c9rdekl\u0151d\u0151k!<\/p>\n<p>2025. j\u00falius 14. &#8211; 2025. augusztus 11 k\u00f6z\u00f6tt TELEFONOS EL\u00c9RTHET\u0150S\u00c9G\u00dcNK\u00a0 a koll\u00e9g\u00e1k szabads\u00e1ga miatt sz\u00fcnetel. K\u00e9rj\u00fck emailben \u00e9s\/vagy messenger \u00fczenet form\u00e1j\u00e1ban keressenek minket. A v\u00e1laszad\u00e1s 3-5 napon bel\u00fcl t\u00f6rt\u00e9nik. Esetleges felm\u00e9r\u00e9sre kor\u00e1bbi visszajelz\u00e9st tudunk adni.\u00a0<\/p>\n<p>Siker\u00fclt \u00faj autizmus spektrum pedag\u00f3gi\u00e1ja szakir\u00e1nyon v\u00e9gzett koll\u00e9g\u00e1kkal egyeztetn\u00fcnk. Szeptemberre lehet jelentkezni gy\u00f3gypedag\u00f3giai fejleszt\u00e9sre. Korai fejleszt\u00e9s \u00e9s \u00f3vod\u00e1s kor\u00fa gyerekeket a d\u00e9lel\u0151tti \u00f3r\u00e1kban tudunk fogadni. Az \u00faj koll\u00e9ga d\u00e9lel\u0151tt fog dolgozni. Korl\u00e1tozott sz\u00e1mban iskol\u00e1sokat is v\u00e1runk csoportos fejleszt\u00e9sre.\u00a0<\/p>\n<p>Kondukt\u00edv pedag\u00f3gi\u00e1ra, Pfaffenrot- f\u00e9le manu\u00e1lis technik\u00e1ra, kiscsoportos mozg\u00e1sfejleszt\u00e9sre (baba, k\u00fasz\u00f3, tipeg\u0151, b\u00f6lcsis ovis csoport) m\u00e9g korl\u00e1tozott sz\u00e1mban tudunk fogadni gyerekeket. A logop\u00e9diai foglalkoz\u00e1sokra szint\u00e9n v\u00e1r\u00f3list\u00e1ra tudunk gyerekeket felvenni.<\/p>\n<p>Csecsem\u0151k, szoptat\u00e1si neh\u00e9zs\u00e9g eset\u00e9n k\u00e9rj\u00fck emailben vagy a facebook oldalnak k\u00fcld\u00f6tt \u00fczenetben jelentkezzenek.\u00a0<\/p>\n<p><span style=\"font-size: 17px;\">K\u00f6sz\u00f6nj\u00fck a Kit\u00e1rul a vil\u00e1g Fejleszt\u0151 K\u00f6zpont CSAPATA<\/span><\/p>\n<p>[\/et_pb_toggle][et_pb_toggle title=&#8220;Fejleszt\u00e9sek el\u00e9rhet\u0151s\u00e9ge v\u00e1ltozik!&#8220; open_toggle_text_color=&#8220;#000000&#8243; open_toggle_background_color=&#8220;#FFFFFF&#8220; closed_toggle_background_color=&#8220;#0C71C3&#8243; icon_color=&#8220;#ffbd16&#8243; use_icon_font_size=&#8220;on&#8220; icon_font_size=&#8220;28px&#8220; open_icon_color=&#8220;#ffbd16&#8243; open_use_icon_font_size=&#8220;on&#8220; open_icon_font_size=&#8220;28px&#8220; _builder_version=&#8220;4.16&#8243; _module_preset=&#8220;default&#8220; title_text_color=&#8220;#FFFFFF&#8220; global_colors_info=&#8220;{}&#8220;]<\/p>\n<p>\u00a0Kedves Sz\u00fcl\u0151k, \u00c9rdekl\u0151d\u0151k!<\/p>\n<p>Int\u00e9zm\u00e9ny\u00fcnk \u00e9s koll\u00e9g\u00e1nik t\u00falterhelts\u00e9ge miatt semmilyen gy\u00f3gypedag\u00f3giai ell\u00e1t\u00e1sra nem tudunk \u00faj gyereket fogadni. V\u00e1r\u00f3list\u00e1ra tudunk jelentkez\u00e9seket fogadni. Amennyiben \u00faj koll\u00e9g\u00e1val tudjuk b\u0151v\u00edteni a csapatunkat, \u00fajra tudnak csatlakozni.\u00a0<\/p>\n<p>Kondukt\u00edv pedag\u00f3gi\u00e1ra, Pfaffenrot- f\u00e9le manu\u00e1lis technik\u00e1ra, kiscsoportos mozg\u00e1sfejleszt\u00e9sre (baba, k\u00fasz\u00f3, tipeg\u0151, b\u00f6lcsis ovis csoport), LOGOP\u00c9DI\u00c1RA m\u00e9g korl\u00e1tozott sz\u00e1mban tudunk fogadni gyerekeket.\u00a0<\/p>\n<p>Csecsem\u0151k, szoptat\u00e1si neh\u00e9zs\u00e9g eset\u00e9n k\u00e9rj\u00fck emailben vagy a facebook oldalnak k\u00fcld\u00f6tt \u00fczenetben jelentkezzenek.\u00a0<\/p>\n<p><span style=\"font-size: 17px;\">K\u00f6sz\u00f6nj\u00fck a Kit\u00e1rul a vil\u00e1g Fejleszt\u0151 K\u00f6zpont CSAPATA<\/span><\/p>\n<p>[\/et_pb_toggle][et_pb_toggle title=&#8220;2025.01.22.-2025.01.31. A telefonos el\u00e9rhet\u0151s\u00e9g sz\u00fcnetel&#8220; open_toggle_text_color=&#8220;#000000&#8243; open_toggle_background_color=&#8220;#FFFFFF&#8220; closed_toggle_background_color=&#8220;#0C71C3&#8243; icon_color=&#8220;#ffbd16&#8243; use_icon_font_size=&#8220;on&#8220; icon_font_size=&#8220;28px&#8220; open_icon_color=&#8220;#ffbd16&#8243; open_use_icon_font_size=&#8220;on&#8220; open_icon_font_size=&#8220;28px&#8220; _builder_version=&#8220;4.16&#8243; _module_preset=&#8220;default&#8220; title_text_color=&#8220;#FFFFFF&#8220; global_colors_info=&#8220;{}&#8220;]<\/p>\n<p>\u00a0Kedves Sz\u00fcl\u0151k, \u00c9rdekl\u0151d\u0151k!<\/p>\n<p>2025.01.22. &#8211; 2025.01.31. k\u00f6z\u00f6tt betegs\u00e9g miatt nem vagyunk telefonon el\u00e9rhet\u0151k.<\/p>\n<p>Ebben az id\u0151szakban kiz\u00e1r\u00f3lag\u00a0 emailen \u00e9s\/vagy messenger \u00fczenetben vagyunk el\u00e9rhet\u0151k.\u00a0<\/p>\n<p>\u00dczenet k\u00fcldhetnek a facebook oldalunkon: <a href=\"http:\/\/www.facebook.com\/kitarulavilagbt\">www.facebook.com\/kitarulavilagbt<\/a><\/p>\n<p>vagy email-ben: kitarulavilagbt@gmail.com<\/p>\n<p>Amennyiben megkapjuk \u00fczenet\u00fcket, n\u00e9h\u00e1ny napon bel\u00fcl MINDENKIT \u00e9rtes\u00edt\u00fcnk.<\/p>\n<p>K\u00f6sz\u00f6nj\u00fck a Kit\u00e1rul a vil\u00e1g Fejleszt\u0151 K\u00f6zpont CSAPATA<\/p>\n<p>[\/et_pb_toggle][et_pb_toggle title=&#8220;Felm\u00e9r\u00e9si id\u0151pontok!!! Kar\u00e1csony&#8220; open_toggle_text_color=&#8220;#000000&#8243; open_toggle_background_color=&#8220;#FFFFFF&#8220; closed_toggle_background_color=&#8220;#0C71C3&#8243; icon_color=&#8220;#ffbd16&#8243; use_icon_font_size=&#8220;on&#8220; icon_font_size=&#8220;28px&#8220; open_icon_color=&#8220;#ffbd16&#8243; open_use_icon_font_size=&#8220;on&#8220; open_icon_font_size=&#8220;28px&#8220; _builder_version=&#8220;4.16&#8243; _module_preset=&#8220;default&#8220; title_text_color=&#8220;#FFFFFF&#8220; global_colors_info=&#8220;{}&#8220;]<\/p>\n<p>Kedves Sz\u00fcl\u0151k, \u00c9rdekl\u0151d\u0151k!<\/p>\n<p>Int\u00e9zm\u00e9ny\u00fcnk legkor\u00e1bban 2025 janu\u00e1rt\u00f3l tud felm\u00e9r\u00e9si id\u0151pontot adni. Ez al\u00f3l kiv\u00e9telt jelentenek a csecsem\u0151k, akiket soron k\u00edv\u00fcl fogadunk szoptat\u00e1si neh\u00e9zs\u00e9g, izomt\u00f3nus elt\u00e9r\u00e9s eset\u00e9n.\u00a0<\/p>\n<p>Id\u00e9n 2024. december 21 &#8211; 2025. janu\u00e1r 5 k\u00f6z\u00f6tt z\u00e1rva tartunk. Mindenkinek j\u00f3 pihen\u00e9st \u00e9s kellemes \u00fcnnepeket k\u00edv\u00e1nunk!<\/p>\n<p>K\u00e9rj\u00fck a kapcsolatfelv\u00e9telre tov\u00e1bbra is az emailes, \u00fczenetk\u00fcld\u00e9si form\u00e1t r\u00e9szes\u00edts\u00e9k el\u0151nybe!<\/p>\n<p>\u00dczenet k\u00fcldhetnek a facebook oldalunkon: <a href=\"http:\/\/www.facebook.com\/kitarulavilagbt\">www.facebook.com\/kitarulavilagbt<\/a><\/p>\n<p>vagy email-ben: kitarulavilagbt@gmail.com<\/p>\n<p>Amennyiben megkapjuk \u00fczenet\u00fcket, n\u00e9h\u00e1ny napon bel\u00fcl MINDENKIT visszah\u00edvunk, vagy \u00edrunk.<\/p>\n<p>K\u00f6sz\u00f6nj\u00fck a Kit\u00e1rul a vil\u00e1g Fejleszt\u0151 K\u00f6zpont CSAPATA<\/p>\n<p>[\/et_pb_toggle][et_pb_toggle title=&#8220;2023. ny\u00e1ri tudnival\u00f3k&#8220; open_toggle_text_color=&#8220;#000000&#8243; open_toggle_background_color=&#8220;#FFFFFF&#8220; closed_toggle_background_color=&#8220;#0C71C3&#8243; icon_color=&#8220;#ffbd16&#8243; use_icon_font_size=&#8220;on&#8220; icon_font_size=&#8220;28px&#8220; open_icon_color=&#8220;#ffbd16&#8243; open_use_icon_font_size=&#8220;on&#8220; open_icon_font_size=&#8220;28px&#8220; _builder_version=&#8220;4.16&#8243; _module_preset=&#8220;default&#8220; title_text_color=&#8220;#FFFFFF&#8220; global_colors_info=&#8220;{}&#8220;]<\/p>\n<p><img loading=\"lazy\" decoding=\"async\" src=\"https:\/\/repcevidek.hu\/content\/cikkek\/re-5d4153b72faa33779.jpeg\" alt=\"Tombol a ny\u00e1r\" width=\"364\" height=\"243\" \/><\/p>\n<p>Kedves Sz\u00fcl\u0151k, \u00c9rdekl\u0151d\u0151k!<\/p>\n<p>Int\u00e9zm\u00e9ny\u00fcnk 2023. j\u00fanius 26. &#8211; 2023. j\u00fanius 30. k\u00f6z\u00f6tt kiz\u00e1r\u00f3lag emailen vagy messenger \u00fczenetben el\u00e9rhet\u0151.<\/p>\n<p>Telefonos \u00fcgyeletet ebben az id\u0151szakban nem tartunk.\u00a0<\/p>\n<p>Els\u0151 konzult\u00e1ci\u00f3ra, felm\u00e9r\u00e9sre kiz\u00e1r\u00f3lag csecsem\u0151k\/bab\u00e1k eset\u00e9n van lehet\u0151s\u00e9g a ny\u00e1r folyam\u00e1n.\u00a0<\/p>\n<p>Fejleszt\u00e9sekre, ter\u00e1pi\u00e1kra jelentkez\u00e9seket emailes form\u00e1ban tudunk felvenni. Szeptembert\u0151l b\u0151v\u00fcl csapatunk, \u00edgy rem\u00e9lhet\u0151leg siker\u00fcl kiel\u00e9g\u00edten\u00fcnk a megn\u00f6vekedett ig\u00e9nyeket. Szenzoros torn\u00e1kra \u00e9s logop\u00e9di\u00e1ra van szabad kapacit\u00e1sunk.\u00a0<\/p>\n<p>\u00dczenet k\u00fcldhetnek a facebook oldalunkon: <a href=\"http:\/\/www.facebook.com\/kitarulavilagbt\">www.facebook.com\/kitarulavilagbt<\/a><\/p>\n<p>vagy email-ben: kitarulavilagbt@gmail.com<\/p>\n<p>Amennyiben megkapjuk \u00fczenet\u00fcket, n\u00e9h\u00e1ny napon bel\u00fcl MINDENKIT visszah\u00edvunk.<\/p>\n<p>Kellemes nyarat k\u00edv\u00e1nunk! K\u00f6sz\u00f6nj\u00fck a Kit\u00e1rul a vil\u00e1g Fejleszt\u0151 K\u00f6zpont CSAPATA<\/p>\n<p>[\/et_pb_toggle][et_pb_toggle title=&#8220;T\u00e9li sz\u00fcnet 2022.&#8220; open_toggle_text_color=&#8220;#000000&#8243; open_toggle_background_color=&#8220;#FFFFFF&#8220; closed_toggle_background_color=&#8220;#0C71C3&#8243; icon_color=&#8220;#ffbd16&#8243; use_icon_font_size=&#8220;on&#8220; icon_font_size=&#8220;28px&#8220; open_icon_color=&#8220;#ffbd16&#8243; open_use_icon_font_size=&#8220;on&#8220; open_icon_font_size=&#8220;28px&#8220; _builder_version=&#8220;4.16&#8243; _module_preset=&#8220;default&#8220; title_text_color=&#8220;#FFFFFF&#8220; global_colors_info=&#8220;{}&#8220;]<\/p>\n<p><a href=\"http:\/\/www.sylviadesign.at\/szilvi\/wp-content\/uploads\/2021\/06\/kara\u0301csonyfa.jpg\"><img loading=\"lazy\" decoding=\"async\" src=\"http:\/\/kitarulavilag.hu\/wp-content\/uploads\/2021\/06\/kara\u0301csonyfa-300x300-1.jpg\" alt=\"\" class=\"wp-image-2501 alignnone size-medium\" width=\"300\" height=\"300\" \/><\/a><\/p>\n<p>Kedves Sz\u00fcl\u0151k, \u00c9rdekl\u0151d\u0151k!<\/p>\n<p>Int\u00e9zm\u00e9ny\u00fcnk 2022. december 23. &#8211; 2023. janu\u00e1r 3. k\u00f6z\u00f6tt z\u00e1rva tart.<\/p>\n<p>Telefonos \u00fcgyeletet nem tartunk. 2023. janu\u00e1r 3-ig telefonos el\u00e9rhet\u0151s\u00e9g\u00fcnk sz\u00fcnetel.<\/p>\n<p>Amennyiben id\u0151pontot egyeztetne, fejleszt\u00e9sre jelentkezne, k\u00e9rj\u00fck v\u00e1lassza m\u00e1s el\u00e9rhet\u0151s\u00e9geinket:<\/p>\n<p>\u00dczenet a facebook oldalunkon: <a href=\"http:\/\/www.facebook.com\/kitarulavilagbt\">www.facebook.com\/kitarulavilagbt<\/a><\/p>\n<p>Email \u00fczenet: kitarulavilagbt@gmail.com<\/p>\n<p>Amennyiben megkapjuk \u00fczenet\u00fcket, a nyit\u00e1s ut\u00e1n n\u00e9h\u00e1ny napon bel\u00fcl MINDENKIT visszah\u00edvunk.<\/p>\n<p>K\u00f6sz\u00f6nj\u00fck a Kit\u00e1rul a vil\u00e1g Fejleszt\u0151 K\u00f6zpont CSAPATA<\/p>\n<p>[\/et_pb_toggle][et_pb_toggle title=&#8220;FONTOS!&#8220; open_toggle_text_color=&#8220;#000000&#8243; open_toggle_background_color=&#8220;#FFFFFF&#8220; closed_toggle_background_color=&#8220;#0C71C3&#8243; icon_color=&#8220;#ffbd16&#8243; use_icon_font_size=&#8220;on&#8220; icon_font_size=&#8220;28px&#8220; open_icon_color=&#8220;#ffbd16&#8243; open_use_icon_font_size=&#8220;on&#8220; open_icon_font_size=&#8220;28px&#8220; _builder_version=&#8220;4.16&#8243; _module_preset=&#8220;default&#8220; title_text_color=&#8220;#FFFFFF&#8220; global_colors_info=&#8220;{}&#8220;]<\/p>\n<p><img decoding=\"async\" src=\"https:\/\/www.vszc.hu\/wp-content\/uploads\/2021\/09\/megtelt.png\" alt=\"megtelt | V\u00e1ci Szakk\u00e9pz\u00e9si Centrum\" \/>\u00a0 \u00a0 \u00a0 \u00a0 \u00a0 \u00a0 \u00a0 \u00a0 \u00a0 \u00a0 \u00a0 \u00a0 \u00a0 \u00a0 \u00a0 \u00a0 \u00a0 \u00a0 \u00a0 \u00a0 \u00a0 \u00a0 \u00a0 \u00a0 \u00a0 \u00a0 \u00a0 \u00a0 \u00a0 \u00a0 \u00a0 \u00a0 \u00a0 \u00a0 \u00a0 \u00a0 \u00a0 \u00a0 \u00a0 \u00a0 \u00a0 \u00a0 \u00a0 \u00a0 \u00a0 \u00a0 \u00a0 \u00a0 \u00a0 \u00a0 \u00a0 \u00a0 <img loading=\"lazy\" decoding=\"async\" src=\"https:\/\/cdn.xxl.thumbs.canstockphoto.hu\/z%C3%A1r%C3%A1s-transzparens-hamar-rajzok_csp17039395.jpg\" alt=\"Z\u00e1r\u00e1s Stock illusztr\u00e1ci\u00f3k. 356 876 Z\u00e1r\u00e1s clip art k\u00e9pek \u00e9s szerz\u0151i jogd\u00edj  mentes illusztr\u00e1ci\u00f3k kereshet\u0151ek t\u00f6bb ezer EPS vektor clip art \u00e9s stock art  producert\u0151l.\" width=\"176\" height=\"140\" \/><\/p>\n<p>Kedves Sz\u00fcl\u0151k, \u00c9rdekl\u0151d\u0151k!<\/p>\n<p>Megtisztel\u0151 a bizalom, mellyel int\u00e9zm\u00e9ny\u00fcnk ir\u00e1nyba fordulnak. Tudjuk, \u00e9rtj\u00fck, hogy fontosak az aj\u00e1nl\u00e1sok. Azzal is tiszt\u00e1ban vagyunk, hogy sokan szeretn\u00e9nek hozz\u00e1nk beker\u00fclni fejleszt\u00e9sre, felm\u00e9r\u00e9sre, tan\u00e1csad\u00e1sra.\u00a0<\/p>\n<p>\u00a0SZ\u0170R\u00c9SEKRE, FELM\u00c9R\u00c9SEKRE 2022. szeptember\u00e9re tudunk csak id\u0151pontot adni, kiv\u00e9ve a bab\u00e1kat.\u00a0<\/p>\n<p>Jelenleg ASD fejleszt\u00e9sre nincs lehet\u0151s\u00e9g\u00fcnk, koll\u00e9g\u00e1ink kapacit\u00e1sai megteltek. Korl\u00e1tozott szabad kapacit\u00e1saink a k\u00f6vetkez\u0151 ter\u00fcleteken vannak:<\/p>\n<p>&#8211; csecsem\u0151k, bab\u00e1k mozg\u00e1sfejleszt\u00e9se (SZRT, akt\u00edv torna)<br \/>&#8211; Schrott<br \/>&#8211; kiscsoportos szenzoros fejleszt\u00e9s<br \/>&#8211; logop\u00e9dia<\/p>\n<p>2022. j\u00falius\u00a0<\/p>\n<p>Budapest, 2022. j\u00fanius 23 &#8211; szeptember 1 k\u00f6z\u00f6tt int\u00e9zm\u00e9ny\u00fcnk \u00e1talak\u00edt\u00e1si munk\u00e1latok miatt z\u00e1rva tart. A fejleszt\u00e9sek, felm\u00e9r\u00e9sek ez id\u0151 alatt sz\u00fcnetelnek. Meg\u00e9rt\u00e9s\u00fcket k\u00f6sz\u00f6nj\u00fck!<\/p>\n<p>K\u00f6sz\u00f6nj\u00fck a Kit\u00e1rul a vil\u00e1g Fejleszt\u0151 K\u00f6zpont CSAPATA<\/p>\n<p>[\/et_pb_toggle][et_pb_toggle title=&#8220;M\u0171v\u00e9szetter\u00e1pi\u00e1s csoport SZ\u00dcL\u0150KNEK&#8220; open_toggle_text_color=&#8220;#000000&#8243; closed_toggle_background_color=&#8220;#0C71C3&#8243; icon_color=&#8220;#FFBD16&#8243; use_icon_font_size=&#8220;on&#8220; icon_font_size=&#8220;28px&#8220; open_icon_color=&#8220;#FFBD16&#8243; open_use_icon_font_size=&#8220;on&#8220; open_icon_font_size=&#8220;28px&#8220; _builder_version=&#8220;4.16&#8243; _module_preset=&#8220;default&#8220; title_text_color=&#8220;#FFFFFF&#8220; global_colors_info=&#8220;{}&#8220;]<\/p>\n<p><strong><a href=\"http:\/\/www.sylviadesign.at\/szilvi\/wp-content\/uploads\/2021\/03\/mu\u030bv.csoport-feste\u0301k-scaled.jpg\"><img loading=\"lazy\" decoding=\"async\" src=\"http:\/\/kitarulavilag.hu\/wp-content\/uploads\/2021\/06\/mu\u030bv.csoport-feste\u0301k-300x225-1.jpg\" alt=\"\" class=\"wp-image-1932 alignnone size-medium\" width=\"300\" height=\"225\" \/><\/a><\/strong><\/p>\n<p><strong>6 alkalmas m\u0171v\u00e9szetter\u00e1pi\u00e1s csoport sz\u00fcl\u0151knek<\/strong><\/p>\n<p><strong>Szeretettel v\u00e1rok minden \u00e9rdekl\u0151d\u0151 sz\u00fcl\u0151t, aki diagn\u00f3zissal vagy valamilyen neh\u00e9zs\u00e9ggel \u00e9l\u0151 gyermeket nevel, \u00e9s szeretne egy kicsit saj\u00e1t mag\u00e1ra figyelni, saj\u00e1t \u00f6nismeret\u00e9n, lelki \u00e9p\u00fcl\u00e9s\u00e9n dolgozni.<\/strong><\/p>\n<p>A s\u0171r\u0171 h\u00e9tk\u00f6znapok, az \u00f3voda, iskola, a fejleszt\u00e9sek \u00e9s foglalkoz\u00e1sok k\u00e1osz\u00e1ban \u00e9rdemes meg\u00e1llni, \u00e9s egy kicsit magunkra figyelni, a saj\u00e1t hogyl\u00e9t\u00fcnkr\u0151l gondolkodni, b\u00e1rmilyen neh\u00e9z is ez, hiszen ez\u00e1ltal nemcsak mi, de eg\u00e9sz csal\u00e1dunk j\u00f3ll\u00e9te fejl\u0151dhet.<\/p>\n<p><strong>Ez a hat alkalom most csak a sz\u00fcl\u0151kr\u0151l sz\u00f3l \u2013 arr\u00f3l, hogy \u0151k hogyan \u00e9rzik magukat, milyen \u00f6r\u00f6meik, b\u00e1nataik, c\u00e9ljaik, v\u00e1gyaik vannak.<\/strong> <strong>A csoporttagok ugyan sz\u00fcl\u0151k, de most nem a sz\u00fcl\u0151s\u00e9g\u00fck\u00f6n, hanem \u00e9let\u00fck m\u00e1s fontos szerepein, ter\u00fcletein lesz a hangs\u00faly. P\u00e9ld\u00e1ul azon, hogy ki hogyan tud tal\u00e1lni egy kis id\u0151t saj\u00e1t mag\u00e1ra, vagy hogy mi az a tev\u00e9kenys\u00e9g, ami \u0151t \u00f6r\u00f6mmel \u00e9s energi\u00e1val t\u00f6lti el.<\/strong><\/p>\n<p>A csoportban lehet\u0151s\u00e9g\u00fck ny\u00edlik a r\u00e9sztvev\u0151knek egy t\u00e1mogat\u00f3, elfogad\u00f3 k\u00f6zegben megnyilv\u00e1nulni, elgondolkodni a felmer\u00fcl\u0151 t\u00e9m\u00e1kon. A t\u00f6bbi csoporttag \u00e1ltal \u00faj szempontokat, \u00faj megl\u00e1t\u00e1sokat kaphatnak. A k\u00fcl\u00f6nb\u00f6z\u0151 m\u0171v\u00e9szetter\u00e1pi\u00e1s eszk\u00f6z\u00f6k \u00e9s m\u00f3dszerek pedig seg\u00edtenek m\u00e9g jobban kiszakadni a h\u00e9tk\u00f6znapokb\u00f3l \u00e9s a megszokott tev\u00e9kenys\u00e9gekb\u0151l.<\/p>\n<p><strong>A csoport sor\u00e1n minden alkalommal egy-egy feladaton, alkot\u00e1son kereszt\u00fcl van lehet\u0151s\u00e9g \u0151szint\u00e9n, k\u00f6tetlen\u00fcl besz\u00e9lgetni a felmer\u00fcl\u0151 k\u00e9rd\u00e9sekr\u0151l, tapasztalatokr\u00f3l.<\/strong> <strong>A foglalkoz\u00e1sokon val\u00f3 r\u00e9szv\u00e9telhez semmilyen m\u0171v\u00e9szi el\u0151k\u00e9pzetts\u00e9g nem sz\u00fcks\u00e9ges! <\/strong>\u00cdgy senkit ne tartson vissza az, hogy ha utolj\u00e1ra \u00e1ltal\u00e1nos iskol\u00e1ban rajzolt \u2013 nem az sz\u00e1m\u00edt, hogy ki milyen sz\u00e9pen, sz\u00ednvonalasan alkot, hanem az, ahogyan \u00e9rezte mag\u00e1t alkot\u00e1s k\u00f6zben.<\/p>\n<p><strong>Annak \u00e9rdek\u00e9ben, hogy a r\u00e9sztvev\u0151k min\u00e9l nagyobb biztons\u00e1gban \u00e9rezhess\u00e9k magukat, a csoport z\u00e1rt form\u00e1ban indul.<\/strong> Ez azt jelenti, hogy az els\u0151 alkalmon megjelen\u0151 tagoknak van lehet\u0151s\u00e9g\u00fck a tov\u00e1bbiakban is r\u00e9szt venni a csoportfoglalkoz\u00e1sokon, \u00faj tag nem csatlakozhat.<\/p>\n<p><strong>A foglalkoz\u00e1sok k\u00e9thetente h\u00e9tf\u0151n, 18:00 \u00e9s 19:30 k\u00f6z\u00f6tt lesznek. Els\u0151 alk<\/strong><strong>alom: szeptember 21<\/strong><\/p>\n<p><strong>A csoportfolyamat \u00e1ra 6 x 4000 forint. Ezt az \u00f6sszeget lehet\u0151s\u00e9g van alkalmank\u00e9nt is fizetni, de egyben fizetve a 6 alkalom kedvezm\u00e9nyesen: 22.000 forint.<\/strong><\/p>\n<p>(A tov\u00e1bbi alkalmak: 2021. okt\u00f3ber 5., 19., november 2., 16., 30.)<\/p>\n<p>&nbsp;<\/p>\n<p><strong>A csoport korl\u00e1tozott l\u00e9tsz\u00e1mmal, maximum 8 f\u0151vel indul, a helyeket jelentkez\u00e9si sorrendben t\u00f6lt\u00f6m fel.<\/strong><\/p>\n<p><strong>Az alkalmakat Moln\u00e1r Berta Eleon\u00f3ra pszichol\u00f3gus, m\u0171v\u00e9szetterapeuta vezeti.<\/strong><\/p>\n<p>[\/et_pb_toggle][\/et_pb_column][\/et_pb_row][\/et_pb_section][et_pb_section fb_built=&#8220;1&#8243; _builder_version=&#8220;4.27.5&#8243; _module_preset=&#8220;default&#8220; global_colors_info=&#8220;{}&#8220;][et_pb_row _builder_version=&#8220;4.27.5&#8243; _module_preset=&#8220;default&#8220; global_colors_info=&#8220;{}&#8220;][et_pb_column type=&#8220;4_4&#8243; _builder_version=&#8220;4.27.5&#8243; _module_preset=&#8220;default&#8220; global_colors_info=&#8220;{}&#8220;][:hu _i=&#8220;0&#8243; _address=&#8220;2.0.0.0&#8243; theme_builder_area=&#8220;post_content&#8220; \/][: _i=&#8220;1&#8243; _address=&#8220;2.0.0.1&#8243; theme_builder_area=&#8220;post_content&#8220; \/][\/et_pb_column][\/et_pb_row][\/et_pb_section][et_pb_section fb_built=&#8220;1&#8243; theme_builder_area=&#8220;post_content&#8220; _builder_version=&#8220;4.27.5&#8243; _module_preset=&#8220;default&#8220;][et_pb_row _builder_version=&#8220;4.27.5&#8243; _module_preset=&#8220;default&#8220; theme_builder_area=&#8220;post_content&#8220;][et_pb_column _builder_version=&#8220;4.27.5&#8243; _module_preset=&#8220;default&#8220; theme_builder_area=&#8220;post_content&#8220;][:hu _i=&#8220;0&#8243; _address=&#8220;0&#8243; theme_builder_area=&#8220;post_content&#8220; \/][: _i=&#8220;3&#8243; _address=&#8220;3&#8243; theme_builder_area=&#8220;post_content&#8220; \/][\/et_pb_column][\/et_pb_row][\/et_pb_section]<\/p>\n","protected":false},"excerpt":{"rendered":"<p>Kedves Sz\u00fcl\u0151k, \u00c9rdekl\u0151d\u0151k! Int\u00e9zm\u00e9ny\u00fcnk telefonon 2025. december 15 &#8211; 2026. janu\u00e1r 5 k\u00f6z\u00f6tt nem lesz el\u00e9rhet\u0151. Emailben kereshetnek minket felm\u00e9r\u00e9si id\u0151pontok\u00e9rt. N\u00e9h\u00e1ny napon bel\u00fcl v\u00e1laszolunk. 2025. december 20 \u00e9s 2026. janu\u00e1r 4 k\u00f6z\u00f6tt az int\u00e9zm\u00e9ny teljesen z\u00e1rva tart. Az emailekre 2026. janu\u00e1r 5 ut\u00e1n folyamatosan v\u00e1laszolunk. Kellemes \u00fcnnepeket \u00e9s boldog \u00faj \u00e9vet k\u00edv\u00e1nunk! a Kit\u00e1rul [&hellip;]<\/p>\n","protected":false},"author":2,"featured_media":177,"parent":0,"menu_order":0,"comment_status":"closed","ping_status":"closed","template":"","meta":{"_et_pb_use_builder":"on","_et_pb_old_content":"","_et_gb_content_width":"","footnotes":""},"class_list":["post-75","page","type-page","status-publish","has-post-thumbnail","hentry"],"yoast_head":"<!-- This site is optimized with the Yoast SEO plugin v27.5 - https:\/\/yoast.com\/product\/yoast-seo-wordpress\/ -->\n<title>Aktualit\u00e1sok<\/title>\n<meta name=\"description\" content=\"Aktualit\u00e1sok a Kit\u00e1rul a Vil\u00e1g Fejleszt\u0151 K\u00f6zpontban\" \/>\n<meta name=\"robots\" content=\"index, follow, max-snippet:-1, max-image-preview:large, max-video-preview:-1\" \/>\n<link rel=\"canonical\" href=\"https:\/\/kitarulavilag.hu\/de\/aktualitasok\/\" \/>\n<meta property=\"og:locale\" content=\"de_DE\" \/>\n<meta property=\"og:locale:alternate\" content=\"hu_HU\" \/>\n<meta property=\"og:type\" content=\"article\" \/>\n<meta property=\"og:title\" content=\"Aktualit\u00e1sok\" \/>\n<meta property=\"og:description\" content=\"Aktualit\u00e1sok a Kit\u00e1rul a Vil\u00e1g Fejleszt\u0151 K\u00f6zpontban\" \/>\n<meta property=\"og:url\" content=\"https:\/\/kitarulavilag.hu\/de\/aktualitasok\/\" \/>\n<meta property=\"og:site_name\" content=\"Melind\u00e1val Kit\u00e1rul a Vil\u00e1g\" \/>\n<meta property=\"article:publisher\" content=\"https:\/\/www.facebook.com\/kitarulavilag\" \/>\n<meta property=\"article:modified_time\" content=\"2025-12-08T16:21:57+00:00\" \/>\n<meta property=\"og:image\" content=\"https:\/\/kitarulavilag.hu\/wp-content\/uploads\/2021\/06\/Komplex_gyogypedagogiai_felmeres.jpg\" \/>\n\t<meta property=\"og:image:width\" content=\"900\" \/>\n\t<meta property=\"og:image:height\" content=\"600\" \/>\n\t<meta property=\"og:image:type\" content=\"image\/jpeg\" \/>\n<meta name=\"twitter:card\" content=\"summary_large_image\" \/>\n<meta name=\"twitter:label1\" content=\"Gesch\u00e4tzte Lesezeit\" \/>\n\t<meta name=\"twitter:data1\" content=\"15\u00a0Minuten\" \/>\n<script type=\"application\/ld+json\" class=\"yoast-schema-graph\">{\"@context\":\"https:\\\/\\\/schema.org\",\"@graph\":[{\"@type\":\"WebPage\",\"@id\":\"https:\\\/\\\/kitarulavilag.hu\\\/aktualitasok\\\/\",\"url\":\"https:\\\/\\\/kitarulavilag.hu\\\/aktualitasok\\\/\",\"name\":\"Aktualit\u00e1sok\",\"isPartOf\":{\"@id\":\"https:\\\/\\\/kitarulavilag.hu\\\/#website\"},\"primaryImageOfPage\":{\"@id\":\"https:\\\/\\\/kitarulavilag.hu\\\/aktualitasok\\\/#primaryimage\"},\"image\":{\"@id\":\"https:\\\/\\\/kitarulavilag.hu\\\/aktualitasok\\\/#primaryimage\"},\"thumbnailUrl\":\"https:\\\/\\\/kitarulavilag.hu\\\/wp-content\\\/uploads\\\/2021\\\/06\\\/Komplex_gyogypedagogiai_felmeres.jpg\",\"datePublished\":\"2021-06-25T09:26:05+00:00\",\"dateModified\":\"2025-12-08T16:21:57+00:00\",\"description\":\"Aktualit\u00e1sok a Kit\u00e1rul a Vil\u00e1g Fejleszt\u0151 K\u00f6zpontban\",\"breadcrumb\":{\"@id\":\"https:\\\/\\\/kitarulavilag.hu\\\/aktualitasok\\\/#breadcrumb\"},\"inLanguage\":\"de-DE\",\"potentialAction\":[{\"@type\":\"ReadAction\",\"target\":[\"https:\\\/\\\/kitarulavilag.hu\\\/aktualitasok\\\/\"]}]},{\"@type\":\"ImageObject\",\"inLanguage\":\"de-DE\",\"@id\":\"https:\\\/\\\/kitarulavilag.hu\\\/aktualitasok\\\/#primaryimage\",\"url\":\"https:\\\/\\\/kitarulavilag.hu\\\/wp-content\\\/uploads\\\/2021\\\/06\\\/Komplex_gyogypedagogiai_felmeres.jpg\",\"contentUrl\":\"https:\\\/\\\/kitarulavilag.hu\\\/wp-content\\\/uploads\\\/2021\\\/06\\\/Komplex_gyogypedagogiai_felmeres.jpg\",\"width\":900,\"height\":600},{\"@type\":\"BreadcrumbList\",\"@id\":\"https:\\\/\\\/kitarulavilag.hu\\\/aktualitasok\\\/#breadcrumb\",\"itemListElement\":[{\"@type\":\"ListItem\",\"position\":1,\"name\":\"Kezd\u0151lap\",\"item\":\"https:\\\/\\\/kitarulavilag.hu\\\/\"},{\"@type\":\"ListItem\",\"position\":2,\"name\":\"Aktualit\u00e1sok\"}]},{\"@type\":\"WebSite\",\"@id\":\"https:\\\/\\\/kitarulavilag.hu\\\/#website\",\"url\":\"https:\\\/\\\/kitarulavilag.hu\\\/\",\"name\":\"Melind\u00e1val Kit\u00e1rul a Vil\u00e1g\",\"description\":\"Fejleszt\u0151 K\u00f6zpont\",\"publisher\":{\"@id\":\"https:\\\/\\\/kitarulavilag.hu\\\/#organization\"},\"potentialAction\":[{\"@type\":\"SearchAction\",\"target\":{\"@type\":\"EntryPoint\",\"urlTemplate\":\"https:\\\/\\\/kitarulavilag.hu\\\/?s={search_term_string}\"},\"query-input\":{\"@type\":\"PropertyValueSpecification\",\"valueRequired\":true,\"valueName\":\"search_term_string\"}}],\"inLanguage\":\"de-DE\"},{\"@type\":\"Organization\",\"@id\":\"https:\\\/\\\/kitarulavilag.hu\\\/#organization\",\"name\":\"Kit\u00e1rul a Vil\u00e1g Fejleszt\u0151 K\u00f6zpont\",\"url\":\"https:\\\/\\\/kitarulavilag.hu\\\/\",\"logo\":{\"@type\":\"ImageObject\",\"inLanguage\":\"de-DE\",\"@id\":\"https:\\\/\\\/kitarulavilag.hu\\\/#\\\/schema\\\/logo\\\/image\\\/\",\"url\":\"http:\\\/\\\/kitarulavilag.hu\\\/wp-content\\\/uploads\\\/2021\\\/06\\\/cropped-Kitarul_a_vilag_logo-1.png\",\"contentUrl\":\"http:\\\/\\\/kitarulavilag.hu\\\/wp-content\\\/uploads\\\/2021\\\/06\\\/cropped-Kitarul_a_vilag_logo-1.png\",\"width\":512,\"height\":512,\"caption\":\"Kit\u00e1rul a Vil\u00e1g Fejleszt\u0151 K\u00f6zpont\"},\"image\":{\"@id\":\"https:\\\/\\\/kitarulavilag.hu\\\/#\\\/schema\\\/logo\\\/image\\\/\"},\"sameAs\":[\"https:\\\/\\\/www.facebook.com\\\/kitarulavilag\"]}]}<\/script>\n<!-- \/ Yoast SEO plugin. -->","yoast_head_json":{"title":"Aktualit\u00e1sok","description":"Aktualit\u00e1sok a Kit\u00e1rul a Vil\u00e1g Fejleszt\u0151 K\u00f6zpontban","robots":{"index":"index","follow":"follow","max-snippet":"max-snippet:-1","max-image-preview":"max-image-preview:large","max-video-preview":"max-video-preview:-1"},"canonical":"https:\/\/kitarulavilag.hu\/de\/aktualitasok\/","og_locale":"de_DE","og_type":"article","og_title":"[:hu]Aktualit\u00e1sok[:] - Melind\u00e1val Kit\u00e1rul a Vil\u00e1g","og_description":"Aktualit\u00e1sok a Kit\u00e1rul a Vil\u00e1g Fejleszt\u0151 K\u00f6zpontban","og_url":"https:\/\/kitarulavilag.hu\/de\/aktualitasok\/","og_site_name":"Melind\u00e1val Kit\u00e1rul a Vil\u00e1g","article_publisher":"https:\/\/www.facebook.com\/kitarulavilag","article_modified_time":"2025-12-08T16:21:57+00:00","og_image":[{"width":900,"height":600,"url":"https:\/\/kitarulavilag.hu\/wp-content\/uploads\/2021\/06\/Komplex_gyogypedagogiai_felmeres.jpg","type":"image\/jpeg"}],"twitter_card":"summary_large_image","twitter_misc":{"Gesch\u00e4tzte Lesezeit":"15\u00a0Minuten"},"schema":{"@context":"https:\/\/schema.org","@graph":[{"@type":"WebPage","@id":"https:\/\/kitarulavilag.hu\/aktualitasok\/","url":"https:\/\/kitarulavilag.hu\/aktualitasok\/","name":"Aktualit\u00e1sok","isPartOf":{"@id":"https:\/\/kitarulavilag.hu\/#website"},"primaryImageOfPage":{"@id":"https:\/\/kitarulavilag.hu\/aktualitasok\/#primaryimage"},"image":{"@id":"https:\/\/kitarulavilag.hu\/aktualitasok\/#primaryimage"},"thumbnailUrl":"https:\/\/kitarulavilag.hu\/wp-content\/uploads\/2021\/06\/Komplex_gyogypedagogiai_felmeres.jpg","datePublished":"2021-06-25T09:26:05+00:00","dateModified":"2025-12-08T16:21:57+00:00","description":"Aktualit\u00e1sok a Kit\u00e1rul a Vil\u00e1g Fejleszt\u0151 K\u00f6zpontban","breadcrumb":{"@id":"https:\/\/kitarulavilag.hu\/aktualitasok\/#breadcrumb"},"inLanguage":"de-DE","potentialAction":[{"@type":"ReadAction","target":["https:\/\/kitarulavilag.hu\/aktualitasok\/"]}]},{"@type":"ImageObject","inLanguage":"de-DE","@id":"https:\/\/kitarulavilag.hu\/aktualitasok\/#primaryimage","url":"https:\/\/kitarulavilag.hu\/wp-content\/uploads\/2021\/06\/Komplex_gyogypedagogiai_felmeres.jpg","contentUrl":"https:\/\/kitarulavilag.hu\/wp-content\/uploads\/2021\/06\/Komplex_gyogypedagogiai_felmeres.jpg","width":900,"height":600},{"@type":"BreadcrumbList","@id":"https:\/\/kitarulavilag.hu\/aktualitasok\/#breadcrumb","itemListElement":[{"@type":"ListItem","position":1,"name":"Kezd\u0151lap","item":"https:\/\/kitarulavilag.hu\/"},{"@type":"ListItem","position":2,"name":"Aktualit\u00e1sok"}]},{"@type":"WebSite","@id":"https:\/\/kitarulavilag.hu\/#website","url":"https:\/\/kitarulavilag.hu\/","name":"Melind\u00e1val Kit\u00e1rul a Vil\u00e1g","description":"Fejleszt\u0151 K\u00f6zpont","publisher":{"@id":"https:\/\/kitarulavilag.hu\/#organization"},"potentialAction":[{"@type":"SearchAction","target":{"@type":"EntryPoint","urlTemplate":"https:\/\/kitarulavilag.hu\/?s={search_term_string}"},"query-input":{"@type":"PropertyValueSpecification","valueRequired":true,"valueName":"search_term_string"}}],"inLanguage":"de-DE"},{"@type":"Organization","@id":"https:\/\/kitarulavilag.hu\/#organization","name":"Kit\u00e1rul a Vil\u00e1g Fejleszt\u0151 K\u00f6zpont","url":"https:\/\/kitarulavilag.hu\/","logo":{"@type":"ImageObject","inLanguage":"de-DE","@id":"https:\/\/kitarulavilag.hu\/#\/schema\/logo\/image\/","url":"http:\/\/kitarulavilag.hu\/wp-content\/uploads\/2021\/06\/cropped-Kitarul_a_vilag_logo-1.png","contentUrl":"http:\/\/kitarulavilag.hu\/wp-content\/uploads\/2021\/06\/cropped-Kitarul_a_vilag_logo-1.png","width":512,"height":512,"caption":"Kit\u00e1rul a Vil\u00e1g Fejleszt\u0151 K\u00f6zpont"},"image":{"@id":"https:\/\/kitarulavilag.hu\/#\/schema\/logo\/image\/"},"sameAs":["https:\/\/www.facebook.com\/kitarulavilag"]}]}},"jetpack_sharing_enabled":true,"_links":{"self":[{"href":"https:\/\/kitarulavilag.hu\/de\/wp-json\/wp\/v2\/pages\/75","targetHints":{"allow":["GET"]}}],"collection":[{"href":"https:\/\/kitarulavilag.hu\/de\/wp-json\/wp\/v2\/pages"}],"about":[{"href":"https:\/\/kitarulavilag.hu\/de\/wp-json\/wp\/v2\/types\/page"}],"author":[{"embeddable":true,"href":"https:\/\/kitarulavilag.hu\/de\/wp-json\/wp\/v2\/users\/2"}],"replies":[{"embeddable":true,"href":"https:\/\/kitarulavilag.hu\/de\/wp-json\/wp\/v2\/comments?post=75"}],"version-history":[{"count":40,"href":"https:\/\/kitarulavilag.hu\/de\/wp-json\/wp\/v2\/pages\/75\/revisions"}],"predecessor-version":[{"id":1236,"href":"https:\/\/kitarulavilag.hu\/de\/wp-json\/wp\/v2\/pages\/75\/revisions\/1236"}],"wp:featuredmedia":[{"embeddable":true,"href":"https:\/\/kitarulavilag.hu\/de\/wp-json\/wp\/v2\/media\/177"}],"wp:attachment":[{"href":"https:\/\/kitarulavilag.hu\/de\/wp-json\/wp\/v2\/media?parent=75"}],"curies":[{"name":"wp","href":"https:\/\/api.w.org\/{rel}","templated":true}]}}