{"id":728,"date":"2022-03-08T11:24:43","date_gmt":"2022-03-08T11:24:43","guid":{"rendered":"https:\/\/kitarulavilag.hu\/?page_id=728"},"modified":"2025-10-11T17:35:25","modified_gmt":"2025-10-11T17:35:25","slug":"varga-erika","status":"publish","type":"page","link":"https:\/\/kitarulavilag.hu\/de\/varga-erika\/","title":{"rendered":"R\u00e9k\u00e1si-Varga Erika"},"content":{"rendered":"<p>[et_pb_section fb_built=&#8220;1&#8243; _builder_version=&#8220;4.16&#8243; _module_preset=&#8220;default&#8220; global_colors_info=&#8220;{}&#8220;][et_pb_row _builder_version=&#8220;4.16&#8243; _module_preset=&#8220;default&#8220; global_colors_info=&#8220;{}&#8220;][et_pb_column type=&#8220;4_4&#8243; _builder_version=&#8220;4.16&#8243; _module_preset=&#8220;default&#8220; global_colors_info=&#8220;{}&#8220;][et_pb_team_member name=&#8220;R\u00e9k\u00e1si &#8211; Varga Erika&#8220; position=&#8220;Perinat\u00e1lis szaktan\u00e1csad\u00f3, nemzetk\u00f6zileg elismert okleveles csecsem\u0151massz\u00e1zs oktat\u00f3 (CIMI),gy\u00f3gytorn\u00e1sz \u00e9s Pfaffenrot-terapeuta&#8220; image_url=&#8220;https:\/\/kitarulavilag.hu\/wp-content\/uploads\/2025\/10\/1000023851-scaled.jpg&#8220; _builder_version=&#8220;4.27.4&#8243; _module_preset=&#8220;default&#8220; global_colors_info=&#8220;{}&#8220;]<\/p>\n<p>&nbsp;<\/p>\n<p>&nbsp;<\/p>\n<p>2009-ben v\u00e9geztem a Debreceni Egyetem gy\u00f3gytorn\u00e1sz szak\u00e1n. 7 \u00e9vet foglalkoztam gyermekek<br \/>mozg\u00e1sfejleszt\u00e9s\u00e9vel. A ter\u00e1pi\u00e1s \u00f3r\u00e1k sor\u00e1n egy\u00e9rtelm\u0171en megmutatkozott a sz\u00fcl\u0151k lelki t\u00e1mogat\u00e1s<br \/>ir\u00e1nti fokozott ig\u00e9nye. Ezen tapasztalat \u00e9s saj\u00e1t \u00e9rdekl\u0151d\u00e9sem ford\u00edtott \u00faj hivat\u00e1som ir\u00e1ny\u00e1ba.<br \/>Harmadik gyermekem sz\u00fclet\u00e9se ut\u00e1n elv\u00e9geztem az ELTE-PPK perinat\u00e1lis szaktan\u00e1csad\u00f3, \u00e9s a MAGYE<br \/>nemzetk\u00f6zileg elismert csecsem\u0151massz\u00e1zs oktat\u00f3 (CIMI) k\u00e9pz\u00e9s\u00e9t. Jelenleg ezen k\u00e9t ter\u00fcleten<br \/>tev\u00e9kenykedek.<br \/>A kor\u00e1bbi hiedelmek c\u00e1folat\u00e1ra ma m\u00e1r sz\u00e1mos tudom\u00e1nyos bizony\u00edt\u00e9k \u00e1ll rendelkez\u00e9s\u00fcnkre azzal<br \/>kapcsolatban, hogy milyen eg\u00e9sz \u00e9letre sz\u00f3l\u00f3 hat\u00e1sa van egy ember \u00e9let\u00e9re n\u00e9zve a magzati l\u00e9t,<br \/>illetve az els\u0151 h\u00e1rom \u00e9v t\u00f6rt\u00e9n\u00e9seinek.<br \/>Sz\u00edv\u00fcgyemnek tekintem a korai sz\u00fcl\u0151-gyerek kapcsolat harm\u00f3ni\u00e1j\u00e1nak er\u0151s\u00edt\u00e9s\u00e9t, a k\u00f6t\u0151d\u00e9s<br \/>min\u0151s\u00e9g\u00e9nek min\u00e9l pozit\u00edvabb ir\u00e1nyba terel\u00e9s\u00e9t, \u00e9s a sz\u00fcl\u0151k ment\u00e1lis t\u00e1mogat\u00e1s\u00e1t az \u00fajabb<br \/>\u00e9lethelyzetek \u00e9s kih\u00edv\u00e1sok t\u00fckr\u00e9ben.<br \/>V\u00e1rok mindenkit szeretettel perinat\u00e1lis szaktan\u00e1csad\u00f3i \u00e9s csecsem\u0151massz\u00e1zs oktat\u00e1si alkalmaimon.<\/p>\n<p>[\/et_pb_team_member][\/et_pb_column][\/et_pb_row][et_pb_row _builder_version=&#8220;4.16&#8243; _module_preset=&#8220;default&#8220; global_colors_info=&#8220;{}&#8220;][et_pb_column type=&#8220;4_4&#8243; _builder_version=&#8220;4.16&#8243; _module_preset=&#8220;default&#8220; global_colors_info=&#8220;{}&#8220;][et_pb_button button_url=&#8220;@ET-DC@eyJkeW5hbWljIjp0cnVlLCJjb250ZW50IjoicG9zdF9saW5rX3VybF9wYWdlIiwic2V0dGluZ3MiOnsicG9zdF9pZCI6IjYxIn19@&#8220; button_text=&#8220;Vissza&#8220; button_alignment=&#8220;center&#8220; _builder_version=&#8220;4.16&#8243; _dynamic_attributes=&#8220;button_url&#8220; _module_preset=&#8220;default&#8220; global_colors_info=&#8220;{}&#8220;][\/et_pb_button][\/et_pb_column][\/et_pb_row][\/et_pb_section]<\/p>\n","protected":false},"excerpt":{"rendered":"<p>&nbsp; &nbsp; 2009-ben v\u00e9geztem a Debreceni Egyetem gy\u00f3gytorn\u00e1sz szak\u00e1n. 7 \u00e9vet foglalkoztam gyermekekmozg\u00e1sfejleszt\u00e9s\u00e9vel. A ter\u00e1pi\u00e1s \u00f3r\u00e1k sor\u00e1n egy\u00e9rtelm\u0171en megmutatkozott a sz\u00fcl\u0151k lelki t\u00e1mogat\u00e1sir\u00e1nti fokozott ig\u00e9nye. Ezen tapasztalat \u00e9s saj\u00e1t \u00e9rdekl\u0151d\u00e9sem ford\u00edtott \u00faj hivat\u00e1som ir\u00e1ny\u00e1ba.Harmadik gyermekem sz\u00fclet\u00e9se ut\u00e1n elv\u00e9geztem az ELTE-PPK perinat\u00e1lis szaktan\u00e1csad\u00f3, \u00e9s a MAGYEnemzetk\u00f6zileg elismert csecsem\u0151massz\u00e1zs oktat\u00f3 (CIMI) k\u00e9pz\u00e9s\u00e9t. Jelenleg ezen k\u00e9t ter\u00fcletentev\u00e9kenykedek.A kor\u00e1bbi [&hellip;]<\/p>\n","protected":false},"author":3,"featured_media":0,"parent":0,"menu_order":0,"comment_status":"closed","ping_status":"closed","template":"","meta":{"_et_pb_use_builder":"on","_et_pb_old_content":"","_et_gb_content_width":"","footnotes":""},"class_list":["post-728","page","type-page","status-publish","hentry"],"yoast_head":"<!-- This site is optimized with the Yoast SEO plugin v27.5 - https:\/\/yoast.com\/product\/yoast-seo-wordpress\/ -->\n<title>R\u00e9k\u00e1si-Varga Erika<\/title>\n<meta name=\"robots\" content=\"index, follow, max-snippet:-1, max-image-preview:large, max-video-preview:-1\" \/>\n<link rel=\"canonical\" href=\"https:\/\/kitarulavilag.hu\/de\/varga-erika\/\" \/>\n<meta property=\"og:locale\" content=\"de_DE\" \/>\n<meta property=\"og:locale:alternate\" content=\"hu_HU\" \/>\n<meta property=\"og:type\" content=\"article\" \/>\n<meta property=\"og:title\" content=\"R\u00e9k\u00e1si-Varga Erika\" \/>\n<meta property=\"og:description\" content=\"&nbsp; &nbsp; 2009-ben v\u00e9geztem a Debreceni Egyetem gy\u00f3gytorn\u00e1sz szak\u00e1n. 7 \u00e9vet foglalkoztam gyermekekmozg\u00e1sfejleszt\u00e9s\u00e9vel. A ter\u00e1pi\u00e1s \u00f3r\u00e1k sor\u00e1n egy\u00e9rtelm\u0171en megmutatkozott a sz\u00fcl\u0151k lelki t\u00e1mogat\u00e1sir\u00e1nti fokozott ig\u00e9nye. Ezen tapasztalat \u00e9s saj\u00e1t \u00e9rdekl\u0151d\u00e9sem ford\u00edtott \u00faj hivat\u00e1som ir\u00e1ny\u00e1ba.Harmadik gyermekem sz\u00fclet\u00e9se ut\u00e1n elv\u00e9geztem az ELTE-PPK perinat\u00e1lis szaktan\u00e1csad\u00f3, \u00e9s a MAGYEnemzetk\u00f6zileg elismert csecsem\u0151massz\u00e1zs oktat\u00f3 (CIMI) k\u00e9pz\u00e9s\u00e9t. Jelenleg ezen k\u00e9t ter\u00fcletentev\u00e9kenykedek.A kor\u00e1bbi [&hellip;]\" \/>\n<meta property=\"og:url\" content=\"https:\/\/kitarulavilag.hu\/de\/varga-erika\/\" \/>\n<meta property=\"og:site_name\" content=\"Melind\u00e1val Kit\u00e1rul a Vil\u00e1g\" \/>\n<meta property=\"article:publisher\" content=\"https:\/\/www.facebook.com\/kitarulavilag\" \/>\n<meta property=\"article:modified_time\" content=\"2025-10-11T17:35:25+00:00\" \/>\n<meta name=\"twitter:card\" content=\"summary_large_image\" \/>\n<meta name=\"twitter:label1\" content=\"Gesch\u00e4tzte Lesezeit\" \/>\n\t<meta name=\"twitter:data1\" content=\"2\u00a0Minuten\" \/>\n<script type=\"application\/ld+json\" class=\"yoast-schema-graph\">{\"@context\":\"https:\\\/\\\/schema.org\",\"@graph\":[{\"@type\":\"WebPage\",\"@id\":\"https:\\\/\\\/kitarulavilag.hu\\\/varga-erika\\\/\",\"url\":\"https:\\\/\\\/kitarulavilag.hu\\\/varga-erika\\\/\",\"name\":\"R\u00e9k\u00e1si-Varga Erika\",\"isPartOf\":{\"@id\":\"https:\\\/\\\/kitarulavilag.hu\\\/#website\"},\"datePublished\":\"2022-03-08T11:24:43+00:00\",\"dateModified\":\"2025-10-11T17:35:25+00:00\",\"breadcrumb\":{\"@id\":\"https:\\\/\\\/kitarulavilag.hu\\\/varga-erika\\\/#breadcrumb\"},\"inLanguage\":\"de-DE\",\"potentialAction\":[{\"@type\":\"ReadAction\",\"target\":[\"https:\\\/\\\/kitarulavilag.hu\\\/varga-erika\\\/\"]}]},{\"@type\":\"BreadcrumbList\",\"@id\":\"https:\\\/\\\/kitarulavilag.hu\\\/varga-erika\\\/#breadcrumb\",\"itemListElement\":[{\"@type\":\"ListItem\",\"position\":1,\"name\":\"Kezd\u0151lap\",\"item\":\"https:\\\/\\\/kitarulavilag.hu\\\/\"},{\"@type\":\"ListItem\",\"position\":2,\"name\":\"R\u00e9k\u00e1si-Varga Erika\"}]},{\"@type\":\"WebSite\",\"@id\":\"https:\\\/\\\/kitarulavilag.hu\\\/#website\",\"url\":\"https:\\\/\\\/kitarulavilag.hu\\\/\",\"name\":\"Melind\u00e1val Kit\u00e1rul a Vil\u00e1g\",\"description\":\"Fejleszt\u0151 K\u00f6zpont\",\"publisher\":{\"@id\":\"https:\\\/\\\/kitarulavilag.hu\\\/#organization\"},\"potentialAction\":[{\"@type\":\"SearchAction\",\"target\":{\"@type\":\"EntryPoint\",\"urlTemplate\":\"https:\\\/\\\/kitarulavilag.hu\\\/?s={search_term_string}\"},\"query-input\":{\"@type\":\"PropertyValueSpecification\",\"valueRequired\":true,\"valueName\":\"search_term_string\"}}],\"inLanguage\":\"de-DE\"},{\"@type\":\"Organization\",\"@id\":\"https:\\\/\\\/kitarulavilag.hu\\\/#organization\",\"name\":\"Kit\u00e1rul a Vil\u00e1g Fejleszt\u0151 K\u00f6zpont\",\"url\":\"https:\\\/\\\/kitarulavilag.hu\\\/\",\"logo\":{\"@type\":\"ImageObject\",\"inLanguage\":\"de-DE\",\"@id\":\"https:\\\/\\\/kitarulavilag.hu\\\/#\\\/schema\\\/logo\\\/image\\\/\",\"url\":\"http:\\\/\\\/kitarulavilag.hu\\\/wp-content\\\/uploads\\\/2021\\\/06\\\/cropped-Kitarul_a_vilag_logo-1.png\",\"contentUrl\":\"http:\\\/\\\/kitarulavilag.hu\\\/wp-content\\\/uploads\\\/2021\\\/06\\\/cropped-Kitarul_a_vilag_logo-1.png\",\"width\":512,\"height\":512,\"caption\":\"Kit\u00e1rul a Vil\u00e1g Fejleszt\u0151 K\u00f6zpont\"},\"image\":{\"@id\":\"https:\\\/\\\/kitarulavilag.hu\\\/#\\\/schema\\\/logo\\\/image\\\/\"},\"sameAs\":[\"https:\\\/\\\/www.facebook.com\\\/kitarulavilag\"]}]}<\/script>\n<!-- \/ Yoast SEO plugin. -->","yoast_head_json":{"title":"R\u00e9k\u00e1si-Varga Erika","robots":{"index":"index","follow":"follow","max-snippet":"max-snippet:-1","max-image-preview":"max-image-preview:large","max-video-preview":"max-video-preview:-1"},"canonical":"https:\/\/kitarulavilag.hu\/de\/varga-erika\/","og_locale":"de_DE","og_type":"article","og_title":"[:hu]R\u00e9k\u00e1si-Varga Erika[:] - Melind\u00e1val Kit\u00e1rul a Vil\u00e1g","og_description":"&nbsp; &nbsp; 2009-ben v\u00e9geztem a Debreceni Egyetem gy\u00f3gytorn\u00e1sz szak\u00e1n. 7 \u00e9vet foglalkoztam gyermekekmozg\u00e1sfejleszt\u00e9s\u00e9vel. A ter\u00e1pi\u00e1s \u00f3r\u00e1k sor\u00e1n egy\u00e9rtelm\u0171en megmutatkozott a sz\u00fcl\u0151k lelki t\u00e1mogat\u00e1sir\u00e1nti fokozott ig\u00e9nye. Ezen tapasztalat \u00e9s saj\u00e1t \u00e9rdekl\u0151d\u00e9sem ford\u00edtott \u00faj hivat\u00e1som ir\u00e1ny\u00e1ba.Harmadik gyermekem sz\u00fclet\u00e9se ut\u00e1n elv\u00e9geztem az ELTE-PPK perinat\u00e1lis szaktan\u00e1csad\u00f3, \u00e9s a MAGYEnemzetk\u00f6zileg elismert csecsem\u0151massz\u00e1zs oktat\u00f3 (CIMI) k\u00e9pz\u00e9s\u00e9t. Jelenleg ezen k\u00e9t ter\u00fcletentev\u00e9kenykedek.A kor\u00e1bbi [&hellip;]","og_url":"https:\/\/kitarulavilag.hu\/de\/varga-erika\/","og_site_name":"Melind\u00e1val Kit\u00e1rul a Vil\u00e1g","article_publisher":"https:\/\/www.facebook.com\/kitarulavilag","article_modified_time":"2025-10-11T17:35:25+00:00","twitter_card":"summary_large_image","twitter_misc":{"Gesch\u00e4tzte Lesezeit":"2\u00a0Minuten"},"schema":{"@context":"https:\/\/schema.org","@graph":[{"@type":"WebPage","@id":"https:\/\/kitarulavilag.hu\/varga-erika\/","url":"https:\/\/kitarulavilag.hu\/varga-erika\/","name":"R\u00e9k\u00e1si-Varga Erika","isPartOf":{"@id":"https:\/\/kitarulavilag.hu\/#website"},"datePublished":"2022-03-08T11:24:43+00:00","dateModified":"2025-10-11T17:35:25+00:00","breadcrumb":{"@id":"https:\/\/kitarulavilag.hu\/varga-erika\/#breadcrumb"},"inLanguage":"de-DE","potentialAction":[{"@type":"ReadAction","target":["https:\/\/kitarulavilag.hu\/varga-erika\/"]}]},{"@type":"BreadcrumbList","@id":"https:\/\/kitarulavilag.hu\/varga-erika\/#breadcrumb","itemListElement":[{"@type":"ListItem","position":1,"name":"Kezd\u0151lap","item":"https:\/\/kitarulavilag.hu\/"},{"@type":"ListItem","position":2,"name":"R\u00e9k\u00e1si-Varga Erika"}]},{"@type":"WebSite","@id":"https:\/\/kitarulavilag.hu\/#website","url":"https:\/\/kitarulavilag.hu\/","name":"Melind\u00e1val Kit\u00e1rul a Vil\u00e1g","description":"Fejleszt\u0151 K\u00f6zpont","publisher":{"@id":"https:\/\/kitarulavilag.hu\/#organization"},"potentialAction":[{"@type":"SearchAction","target":{"@type":"EntryPoint","urlTemplate":"https:\/\/kitarulavilag.hu\/?s={search_term_string}"},"query-input":{"@type":"PropertyValueSpecification","valueRequired":true,"valueName":"search_term_string"}}],"inLanguage":"de-DE"},{"@type":"Organization","@id":"https:\/\/kitarulavilag.hu\/#organization","name":"Kit\u00e1rul a Vil\u00e1g Fejleszt\u0151 K\u00f6zpont","url":"https:\/\/kitarulavilag.hu\/","logo":{"@type":"ImageObject","inLanguage":"de-DE","@id":"https:\/\/kitarulavilag.hu\/#\/schema\/logo\/image\/","url":"http:\/\/kitarulavilag.hu\/wp-content\/uploads\/2021\/06\/cropped-Kitarul_a_vilag_logo-1.png","contentUrl":"http:\/\/kitarulavilag.hu\/wp-content\/uploads\/2021\/06\/cropped-Kitarul_a_vilag_logo-1.png","width":512,"height":512,"caption":"Kit\u00e1rul a Vil\u00e1g Fejleszt\u0151 K\u00f6zpont"},"image":{"@id":"https:\/\/kitarulavilag.hu\/#\/schema\/logo\/image\/"},"sameAs":["https:\/\/www.facebook.com\/kitarulavilag"]}]}},"jetpack_sharing_enabled":true,"_links":{"self":[{"href":"https:\/\/kitarulavilag.hu\/de\/wp-json\/wp\/v2\/pages\/728","targetHints":{"allow":["GET"]}}],"collection":[{"href":"https:\/\/kitarulavilag.hu\/de\/wp-json\/wp\/v2\/pages"}],"about":[{"href":"https:\/\/kitarulavilag.hu\/de\/wp-json\/wp\/v2\/types\/page"}],"author":[{"embeddable":true,"href":"https:\/\/kitarulavilag.hu\/de\/wp-json\/wp\/v2\/users\/3"}],"replies":[{"embeddable":true,"href":"https:\/\/kitarulavilag.hu\/de\/wp-json\/wp\/v2\/comments?post=728"}],"version-history":[{"count":9,"href":"https:\/\/kitarulavilag.hu\/de\/wp-json\/wp\/v2\/pages\/728\/revisions"}],"predecessor-version":[{"id":1144,"href":"https:\/\/kitarulavilag.hu\/de\/wp-json\/wp\/v2\/pages\/728\/revisions\/1144"}],"wp:attachment":[{"href":"https:\/\/kitarulavilag.hu\/de\/wp-json\/wp\/v2\/media?parent=728"}],"curies":[{"name":"wp","href":"https:\/\/api.w.org\/{rel}","templated":true}]}}