{"id":246,"date":"2021-06-25T12:35:25","date_gmt":"2021-06-25T12:35:25","guid":{"rendered":"http:\/\/kitarulavilag.hu\/?page_id=246"},"modified":"2025-10-11T19:35:51","modified_gmt":"2025-10-11T19:35:51","slug":"perinatalis_szaktanacsadas","status":"publish","type":"page","link":"https:\/\/kitarulavilag.hu\/de\/perinatalis_szaktanacsadas\/","title":{"rendered":"Perinat\u00e1lis szaktan\u00e1csad\u00e1s"},"content":{"rendered":"<p>[et_pb_section fb_built=&#8220;1&#8243; _builder_version=&#8220;4.16&#8243; _module_preset=&#8220;default&#8220; global_colors_info=&#8220;{}&#8220;][et_pb_row _builder_version=&#8220;4.16&#8243; _module_preset=&#8220;default&#8220; global_colors_info=&#8220;{}&#8220;][et_pb_column type=&#8220;4_4&#8243; _builder_version=&#8220;4.16&#8243; _module_preset=&#8220;default&#8220; global_colors_info=&#8220;{}&#8220;][et_pb_text _builder_version=&#8220;4.27.4&#8243; _module_preset=&#8220;default&#8220; header_2_text_align=&#8220;center&#8220; global_colors_info=&#8220;{}&#8220;]<\/p>\n<h2>Perinat\u00e1lis szaktan\u00e1csad\u00e1s<\/h2>\n<p>[\/et_pb_text][\/et_pb_column][\/et_pb_row][et_pb_row column_structure=&#8220;3_5,2_5&#8243; _builder_version=&#8220;4.16&#8243; _module_preset=&#8220;default&#8220; global_colors_info=&#8220;{}&#8220;][et_pb_column type=&#8220;3_5&#8243; _builder_version=&#8220;4.16&#8243; _module_preset=&#8220;default&#8220; global_colors_info=&#8220;{}&#8220;][et_pb_text _builder_version=&#8220;4.27.4&#8243; _module_preset=&#8220;default&#8220; global_colors_info=&#8220;{}&#8220;]<\/p>\n<p>Mit ny\u00fajt a perinat\u00e1lis szaktan\u00e1csad\u00f3?<br \/>Kiz\u00e1r\u00f3lagos figyelmet.<br \/>Lelki t\u00e1mogat\u00e1st.<br \/>\u00c9rzelmi \u00e9s praktikus kapaszkod\u00f3kat.<br \/>Kapcsol\u00f3d\u00e1st.<br \/>Megtart\u00e1st.<br \/>Elfogad\u00e1st.<br \/>Kinek aj\u00e1nlom?<br \/>Mindenkinek,<\/p>\n<p>akit foglalkoztat a gyermekv\u00e1llal\u00e1s (els\u0151 gyermek, testv\u00e9r v\u00e1llal\u00e1sa, s\u00e9r\u00fclt gyermek<br \/>sz\u00fclet\u00e9s\u00e9t k\u00f6vet\u0151 gyermekv\u00e1llal\u00e1s) k\u00e9rd\u00e9se.<br \/>aki a v\u00e1rand\u00f3ss\u00e1g sor\u00e1n, a gyermek\u00e1gyas id\u0151szakban vagy a gyermeke els\u0151 h\u00e1rom<br \/>\u00e9v\u00e9ben jelentkez\u0151 praktikus \u00e9s\/vagy \u00e9rzelmi kih\u00edv\u00e1sok kezel\u00e9s\u00e9ben szakember \u00e1ltali<br \/>t\u00e1mogat\u00e1sra v\u00e1gyik (sz\u00fcl\u0151-csecsem\u0151 kapcsolati neh\u00e9zs\u00e9gek, sz\u00fcl\u00e9s ut\u00e1ni<br \/>hangulatv\u00e1ltoz\u00e1sok, stb.).<br \/>akinek sz\u00fcl\u00e9s\u00e9lm\u00e9nye feldolgoz\u00e1sra v\u00e1r (cs\u00e1sz\u00e1rmetsz\u00e9s, korasz\u00fcl\u00e9s, m\u00e9ltatlan<br \/>b\u00e1n\u00e1sm\u00f3d, stb.).<br \/>aki term\u00e9kenys\u00e9gi nehez\u00edtetts\u00e9ggel k\u00fczd.<br \/>akit pre- vagy perinat\u00e1lis vesztes\u00e9g \u00e9rt.<br \/>akinek gyermeke saj\u00e1tos nevel\u00e9si ig\u00e9nnyel b\u00edr, \u00e9s sz\u00edvesen r\u00e9szes\u00fclne megtart\u00f3<br \/>k\u00eds\u00e9r\u00e9sben ezen a nehez\u00edtett \u00e9let\u00faton.<\/p>\n<p>\u00c9desany\u00e1k, \u00e9desap\u00e1k \u00e9s nagysz\u00fcl\u0151k jelentkez\u00e9s\u00e9t is szeretettel v\u00e1rom.<br \/>R\u00e9k\u00e1si-Varga Erika<br \/>Perinat\u00e1lis szaktan\u00e1csad\u00f3, nemzetk\u00f6zileg elismert okleveles csecsem\u0151massz\u00e1zs oktat\u00f3 (CIMI),<br \/>gy\u00f3gytorn\u00e1sz \u00e9s Pfaffenrot-terapeuta<\/p>\n<p>[\/et_pb_text][et_pb_text _builder_version=&#8220;4.27.4&#8243; _module_preset=&#8220;default&#8220; global_colors_info=&#8220;{}&#8220;]<\/p>\n<p><strong><\/strong><br \/>A perinat\u00e1lis szaktan\u00e1csad\u00e1s a v\u00e1rand\u00f3ss\u00e1g, sz\u00fcl\u00e9s \u00e9s a korai anyas\u00e1g id\u0151szak\u00e1ban ny\u00fajt szakmai \u00e9s \u00e9rzelmi t\u00e1mogat\u00e1st.<br data-start=\"118\" data-end=\"121\" \/>Seg\u00edt feldolgozni a testi-lelki v\u00e1ltoz\u00e1sokat, cs\u00f6kkenteni a szorong\u00e1st \u00e9s felk\u00e9sz\u00fclni a sz\u00fcl\u00e9s \u00e9lm\u00e9ny\u00e9re, a m\u00e1sodik vagy t\u00f6bbedik gyermek \u00e9rzkez\u00e9s\u00e9re. A tan\u00e1csad\u00e1s sor\u00e1n a kismama\/\u00fajdons\u00fclt \u00e9desanya biztons\u00e1gos, elfogad\u00f3, \u00edt\u00e9lkez\u00e9smentes t\u00e9rben besz\u00e9lhet f\u00e9lelmeir\u0151l \u00e9s k\u00e9rd\u00e9seir\u0151l.<br data-start=\"331\" data-end=\"334\" \/>T\u00e1mogat\u00e1st kap abban, hogyan er\u0151s\u00edtse meg az \u00f6nbizalm\u00e1t \u00e9s az anyai kompetencia\u00e9rz\u00e9s\u00e9t. A tan\u00e1csad\u00e1s seg\u00edthet megel\u0151zni vagy id\u0151ben felismerni a hangulati zavarokat, p\u00e9ld\u00e1ul a perinat\u00e1lis depresszi\u00f3t. A szaktan\u00e1csad\u00f3 k\u00eds\u00e9ri az \u00e9desany\u00e1t a kezdeti kih\u00edv\u00e1sok sor\u00e1n. Inform\u00e1ci\u00f3t ad a sz\u00fcl\u00e9sre val\u00f3 felk\u00e9sz\u00fcl\u00e9sr\u0151l, a k\u00f6t\u0151d\u00e9sr\u0151l \u00e9s a csecsem\u0151 sz\u00fcks\u00e9gleteir\u0151l.<br data-start=\"821\" data-end=\"824\" \/>A tan\u00e1csad\u00e1s er\u0151s\u00edti a pszich\u00e9s ellen\u00e1ll\u00f3k\u00e9pess\u00e9get, \u00edgy k\u00f6nnyebben alkalmazkodik az \u00faj \u00e9lethelyzethez.<br data-start=\"927\" data-end=\"930\" \/>Fontos ugyanakkor megeml\u00edteni, hogy akinek b\u00e1rmilyen pszich\u00e9s diagn\u00f3zisa van, az a kezel\u0151orvos\u00e1val vagy a szakpszichol\u00f3gus\u00e1val konzult\u00e1ljon arr\u00f3l, hogy t\u00e1mogatj\u00e1k-e a perinat\u00e1lis szaktan\u00e1csad\u00f3 ig\u00e9nybev\u00e9tel\u00e9t.<\/p>\n<p>Sz\u0151ke Melinda<br \/>gy\u00f3gypedag\u00f3gus, k\u00e9pz\u00e9sben l\u00e9v\u0151 ment\u00e1lhigi\u00e9n\u00e9s szakember<\/p>\n<p>[\/et_pb_text][\/et_pb_column][et_pb_column type=&#8220;2_5&#8243; _builder_version=&#8220;4.16&#8243; _module_preset=&#8220;default&#8220; global_colors_info=&#8220;{}&#8220;][et_pb_image src=&#8220;https:\/\/kitarulavilag.hu\/wp-content\/uploads\/2025\/10\/istockphoto-535259959-612&#215;612-1.jpg&#8220; title_text=&#8220;istockphoto-535259959-612&#215;612&#8243; _builder_version=&#8220;4.27.4&#8243; _module_preset=&#8220;default&#8220; global_colors_info=&#8220;{}&#8220;][\/et_pb_image][et_pb_image src=&#8220;https:\/\/kitarulavilag.hu\/wp-content\/uploads\/2025\/10\/istockphoto-643148634-612&#215;612-1.jpg&#8220; title_text=&#8220;istockphoto-643148634-612&#215;612&#8243; _builder_version=&#8220;4.27.4&#8243; _module_preset=&#8220;default&#8220; global_colors_info=&#8220;{}&#8220;][\/et_pb_image][\/et_pb_column][\/et_pb_row][et_pb_row _builder_version=&#8220;4.16&#8243; _module_preset=&#8220;default&#8220; global_colors_info=&#8220;{}&#8220;][et_pb_column type=&#8220;4_4&#8243; _builder_version=&#8220;4.16&#8243; _module_preset=&#8220;default&#8220; global_colors_info=&#8220;{}&#8220;][et_pb_button button_url=&#8220;@ET-DC@eyJkeW5hbWljIjp0cnVlLCJjb250ZW50IjoicG9zdF9saW5rX3VybF9wYWdlIiwic2V0dGluZ3MiOnsicG9zdF9pZCI6IjIwNSJ9fQ==@&#8220; button_text=&#8220;Vissza&#8220; button_alignment=&#8220;center&#8220; _builder_version=&#8220;4.16&#8243; _dynamic_attributes=&#8220;button_url&#8220; _module_preset=&#8220;default&#8220; global_colors_info=&#8220;{}&#8220;][\/et_pb_button][\/et_pb_column][\/et_pb_row][\/et_pb_section][et_pb_section fb_built=&#8220;1&#8243; _builder_version=&#8220;4.27.4&#8243; _module_preset=&#8220;default&#8220; global_colors_info=&#8220;{}&#8220;][et_pb_row _builder_version=&#8220;4.27.4&#8243; _module_preset=&#8220;default&#8220; global_colors_info=&#8220;{}&#8220;][et_pb_column type=&#8220;4_4&#8243; _builder_version=&#8220;4.27.4&#8243; _module_preset=&#8220;default&#8220; global_colors_info=&#8220;{}&#8220;][:hu _i=&#8220;0&#8243; _address=&#8220;2.0.0.0&#8243; theme_builder_area=&#8220;post_content&#8220; \/][: _i=&#8220;1&#8243; _address=&#8220;2.0.0.1&#8243; theme_builder_area=&#8220;post_content&#8220; \/][\/et_pb_column][\/et_pb_row][\/et_pb_section][et_pb_section fb_built=&#8220;1&#8243; theme_builder_area=&#8220;post_content&#8220; _builder_version=&#8220;4.27.4&#8243; _module_preset=&#8220;default&#8220;][et_pb_row _builder_version=&#8220;4.27.4&#8243; _module_preset=&#8220;default&#8220; theme_builder_area=&#8220;post_content&#8220;][et_pb_column _builder_version=&#8220;4.27.4&#8243; _module_preset=&#8220;default&#8220; theme_builder_area=&#8220;post_content&#8220;][:hu _i=&#8220;0&#8243; _address=&#8220;0&#8243; theme_builder_area=&#8220;post_content&#8220; \/][: _i=&#8220;3&#8243; _address=&#8220;3&#8243; theme_builder_area=&#8220;post_content&#8220; \/][\/et_pb_column][\/et_pb_row][\/et_pb_section]<\/p>\n","protected":false},"excerpt":{"rendered":"<p>Perinat\u00e1lis szaktan\u00e1csad\u00e1sMit ny\u00fajt a perinat\u00e1lis szaktan\u00e1csad\u00f3?Kiz\u00e1r\u00f3lagos figyelmet.Lelki t\u00e1mogat\u00e1st.\u00c9rzelmi \u00e9s praktikus kapaszkod\u00f3kat.Kapcsol\u00f3d\u00e1st.Megtart\u00e1st.Elfogad\u00e1st.Kinek aj\u00e1nlom?Mindenkinek, akit foglalkoztat a gyermekv\u00e1llal\u00e1s (els\u0151 gyermek, testv\u00e9r v\u00e1llal\u00e1sa, s\u00e9r\u00fclt gyermeksz\u00fclet\u00e9s\u00e9t k\u00f6vet\u0151 gyermekv\u00e1llal\u00e1s) k\u00e9rd\u00e9se.aki a v\u00e1rand\u00f3ss\u00e1g sor\u00e1n, a gyermek\u00e1gyas id\u0151szakban vagy a gyermeke els\u0151 h\u00e1rom\u00e9v\u00e9ben jelentkez\u0151 praktikus \u00e9s\/vagy \u00e9rzelmi kih\u00edv\u00e1sok kezel\u00e9s\u00e9ben szakember \u00e1ltalit\u00e1mogat\u00e1sra v\u00e1gyik (sz\u00fcl\u0151-csecsem\u0151 kapcsolati neh\u00e9zs\u00e9gek, sz\u00fcl\u00e9s ut\u00e1nihangulatv\u00e1ltoz\u00e1sok, stb.).akinek sz\u00fcl\u00e9s\u00e9lm\u00e9nye feldolgoz\u00e1sra v\u00e1r (cs\u00e1sz\u00e1rmetsz\u00e9s, [&hellip;]<\/p>\n","protected":false},"author":2,"featured_media":1191,"parent":0,"menu_order":0,"comment_status":"closed","ping_status":"closed","template":"","meta":{"_et_pb_use_builder":"on","_et_pb_old_content":"","_et_gb_content_width":"","footnotes":""},"class_list":["post-246","page","type-page","status-publish","has-post-thumbnail","hentry"],"yoast_head":"<!-- This site is optimized with the Yoast SEO plugin v27.5 - https:\/\/yoast.com\/product\/yoast-seo-wordpress\/ -->\n<title>Perinat\u00e1lis szaktan\u00e1csad\u00e1s<\/title>\n<meta name=\"description\" content=\".A perinat\u00e1lis szaktan\u00e1csad\u00e1s a v\u00e1rand\u00f3ss\u00e1g, sz\u00fcl\u00e9s \u00e9s a korai anyas\u00e1g id\u0151szak\u00e1ban ny\u00fajt szakmai \u00e9s \u00e9rzelmi t\u00e1mogat\u00e1st.\" \/>\n<meta name=\"robots\" content=\"index, follow, max-snippet:-1, max-image-preview:large, max-video-preview:-1\" \/>\n<link rel=\"canonical\" href=\"https:\/\/kitarulavilag.hu\/de\/perinatalis_szaktanacsadas\/\" \/>\n<meta property=\"og:locale\" content=\"de_DE\" \/>\n<meta property=\"og:locale:alternate\" content=\"hu_HU\" \/>\n<meta property=\"og:type\" content=\"article\" \/>\n<meta property=\"og:title\" content=\"Perinat\u00e1lis szaktan\u00e1csad\u00e1s\" \/>\n<meta property=\"og:description\" content=\".A perinat\u00e1lis szaktan\u00e1csad\u00e1s a v\u00e1rand\u00f3ss\u00e1g, sz\u00fcl\u00e9s \u00e9s a korai anyas\u00e1g id\u0151szak\u00e1ban ny\u00fajt szakmai \u00e9s \u00e9rzelmi t\u00e1mogat\u00e1st.\" \/>\n<meta property=\"og:url\" content=\"https:\/\/kitarulavilag.hu\/de\/perinatalis_szaktanacsadas\/\" \/>\n<meta property=\"og:site_name\" content=\"Melind\u00e1val Kit\u00e1rul a Vil\u00e1g\" \/>\n<meta property=\"article:publisher\" content=\"https:\/\/www.facebook.com\/kitarulavilag\" \/>\n<meta property=\"article:modified_time\" content=\"2025-10-11T19:35:51+00:00\" \/>\n<meta property=\"og:image\" content=\"https:\/\/kitarulavilag.hu\/wp-content\/uploads\/2025\/10\/istockphoto-643148634-612x612-1.jpg\" \/>\n\t<meta property=\"og:image:width\" content=\"612\" \/>\n\t<meta property=\"og:image:height\" content=\"408\" \/>\n\t<meta property=\"og:image:type\" content=\"image\/jpeg\" \/>\n<meta name=\"twitter:card\" content=\"summary_large_image\" \/>\n<meta name=\"twitter:label1\" content=\"Gesch\u00e4tzte Lesezeit\" \/>\n\t<meta name=\"twitter:data1\" content=\"4\u00a0Minuten\" \/>\n<script type=\"application\/ld+json\" class=\"yoast-schema-graph\">{\"@context\":\"https:\\\/\\\/schema.org\",\"@graph\":[{\"@type\":\"WebPage\",\"@id\":\"https:\\\/\\\/kitarulavilag.hu\\\/perinatalis_szaktanacsadas\\\/\",\"url\":\"https:\\\/\\\/kitarulavilag.hu\\\/perinatalis_szaktanacsadas\\\/\",\"name\":\"Perinat\u00e1lis szaktan\u00e1csad\u00e1s\",\"isPartOf\":{\"@id\":\"https:\\\/\\\/kitarulavilag.hu\\\/#website\"},\"primaryImageOfPage\":{\"@id\":\"https:\\\/\\\/kitarulavilag.hu\\\/perinatalis_szaktanacsadas\\\/#primaryimage\"},\"image\":{\"@id\":\"https:\\\/\\\/kitarulavilag.hu\\\/perinatalis_szaktanacsadas\\\/#primaryimage\"},\"thumbnailUrl\":\"https:\\\/\\\/kitarulavilag.hu\\\/wp-content\\\/uploads\\\/2025\\\/10\\\/istockphoto-643148634-612x612-1.jpg\",\"datePublished\":\"2021-06-25T12:35:25+00:00\",\"dateModified\":\"2025-10-11T19:35:51+00:00\",\"description\":\".A perinat\u00e1lis szaktan\u00e1csad\u00e1s a v\u00e1rand\u00f3ss\u00e1g, sz\u00fcl\u00e9s \u00e9s a korai anyas\u00e1g id\u0151szak\u00e1ban ny\u00fajt szakmai \u00e9s \u00e9rzelmi t\u00e1mogat\u00e1st.\",\"breadcrumb\":{\"@id\":\"https:\\\/\\\/kitarulavilag.hu\\\/perinatalis_szaktanacsadas\\\/#breadcrumb\"},\"inLanguage\":\"de-DE\",\"potentialAction\":[{\"@type\":\"ReadAction\",\"target\":[\"https:\\\/\\\/kitarulavilag.hu\\\/perinatalis_szaktanacsadas\\\/\"]}]},{\"@type\":\"ImageObject\",\"inLanguage\":\"de-DE\",\"@id\":\"https:\\\/\\\/kitarulavilag.hu\\\/perinatalis_szaktanacsadas\\\/#primaryimage\",\"url\":\"https:\\\/\\\/kitarulavilag.hu\\\/wp-content\\\/uploads\\\/2025\\\/10\\\/istockphoto-643148634-612x612-1.jpg\",\"contentUrl\":\"https:\\\/\\\/kitarulavilag.hu\\\/wp-content\\\/uploads\\\/2025\\\/10\\\/istockphoto-643148634-612x612-1.jpg\",\"width\":612,\"height\":408,\"caption\":\"Young Couple And Female Doctor In A Consultation. Woman and her man in doctors office talking with gynecologist\"},{\"@type\":\"BreadcrumbList\",\"@id\":\"https:\\\/\\\/kitarulavilag.hu\\\/perinatalis_szaktanacsadas\\\/#breadcrumb\",\"itemListElement\":[{\"@type\":\"ListItem\",\"position\":1,\"name\":\"Kezd\u0151lap\",\"item\":\"https:\\\/\\\/kitarulavilag.hu\\\/\"},{\"@type\":\"ListItem\",\"position\":2,\"name\":\"Perinat\u00e1lis szaktan\u00e1csad\u00e1s\"}]},{\"@type\":\"WebSite\",\"@id\":\"https:\\\/\\\/kitarulavilag.hu\\\/#website\",\"url\":\"https:\\\/\\\/kitarulavilag.hu\\\/\",\"name\":\"Melind\u00e1val Kit\u00e1rul a Vil\u00e1g\",\"description\":\"Fejleszt\u0151 K\u00f6zpont\",\"publisher\":{\"@id\":\"https:\\\/\\\/kitarulavilag.hu\\\/#organization\"},\"potentialAction\":[{\"@type\":\"SearchAction\",\"target\":{\"@type\":\"EntryPoint\",\"urlTemplate\":\"https:\\\/\\\/kitarulavilag.hu\\\/?s={search_term_string}\"},\"query-input\":{\"@type\":\"PropertyValueSpecification\",\"valueRequired\":true,\"valueName\":\"search_term_string\"}}],\"inLanguage\":\"de-DE\"},{\"@type\":\"Organization\",\"@id\":\"https:\\\/\\\/kitarulavilag.hu\\\/#organization\",\"name\":\"Kit\u00e1rul a Vil\u00e1g Fejleszt\u0151 K\u00f6zpont\",\"url\":\"https:\\\/\\\/kitarulavilag.hu\\\/\",\"logo\":{\"@type\":\"ImageObject\",\"inLanguage\":\"de-DE\",\"@id\":\"https:\\\/\\\/kitarulavilag.hu\\\/#\\\/schema\\\/logo\\\/image\\\/\",\"url\":\"http:\\\/\\\/kitarulavilag.hu\\\/wp-content\\\/uploads\\\/2021\\\/06\\\/cropped-Kitarul_a_vilag_logo-1.png\",\"contentUrl\":\"http:\\\/\\\/kitarulavilag.hu\\\/wp-content\\\/uploads\\\/2021\\\/06\\\/cropped-Kitarul_a_vilag_logo-1.png\",\"width\":512,\"height\":512,\"caption\":\"Kit\u00e1rul a Vil\u00e1g Fejleszt\u0151 K\u00f6zpont\"},\"image\":{\"@id\":\"https:\\\/\\\/kitarulavilag.hu\\\/#\\\/schema\\\/logo\\\/image\\\/\"},\"sameAs\":[\"https:\\\/\\\/www.facebook.com\\\/kitarulavilag\"]}]}<\/script>\n<!-- \/ Yoast SEO plugin. -->","yoast_head_json":{"title":"Perinat\u00e1lis szaktan\u00e1csad\u00e1s","description":".A perinat\u00e1lis szaktan\u00e1csad\u00e1s a v\u00e1rand\u00f3ss\u00e1g, sz\u00fcl\u00e9s \u00e9s a korai anyas\u00e1g id\u0151szak\u00e1ban ny\u00fajt szakmai \u00e9s \u00e9rzelmi t\u00e1mogat\u00e1st.","robots":{"index":"index","follow":"follow","max-snippet":"max-snippet:-1","max-image-preview":"max-image-preview:large","max-video-preview":"max-video-preview:-1"},"canonical":"https:\/\/kitarulavilag.hu\/de\/perinatalis_szaktanacsadas\/","og_locale":"de_DE","og_type":"article","og_title":"[:hu]Perinat\u00e1lis szaktan\u00e1csad\u00e1s[:] - Melind\u00e1val Kit\u00e1rul a Vil\u00e1g","og_description":".A perinat\u00e1lis szaktan\u00e1csad\u00e1s a v\u00e1rand\u00f3ss\u00e1g, sz\u00fcl\u00e9s \u00e9s a korai anyas\u00e1g id\u0151szak\u00e1ban ny\u00fajt szakmai \u00e9s \u00e9rzelmi t\u00e1mogat\u00e1st.","og_url":"https:\/\/kitarulavilag.hu\/de\/perinatalis_szaktanacsadas\/","og_site_name":"Melind\u00e1val Kit\u00e1rul a Vil\u00e1g","article_publisher":"https:\/\/www.facebook.com\/kitarulavilag","article_modified_time":"2025-10-11T19:35:51+00:00","og_image":[{"width":612,"height":408,"url":"https:\/\/kitarulavilag.hu\/wp-content\/uploads\/2025\/10\/istockphoto-643148634-612x612-1.jpg","type":"image\/jpeg"}],"twitter_card":"summary_large_image","twitter_misc":{"Gesch\u00e4tzte Lesezeit":"4\u00a0Minuten"},"schema":{"@context":"https:\/\/schema.org","@graph":[{"@type":"WebPage","@id":"https:\/\/kitarulavilag.hu\/perinatalis_szaktanacsadas\/","url":"https:\/\/kitarulavilag.hu\/perinatalis_szaktanacsadas\/","name":"Perinat\u00e1lis szaktan\u00e1csad\u00e1s","isPartOf":{"@id":"https:\/\/kitarulavilag.hu\/#website"},"primaryImageOfPage":{"@id":"https:\/\/kitarulavilag.hu\/perinatalis_szaktanacsadas\/#primaryimage"},"image":{"@id":"https:\/\/kitarulavilag.hu\/perinatalis_szaktanacsadas\/#primaryimage"},"thumbnailUrl":"https:\/\/kitarulavilag.hu\/wp-content\/uploads\/2025\/10\/istockphoto-643148634-612x612-1.jpg","datePublished":"2021-06-25T12:35:25+00:00","dateModified":"2025-10-11T19:35:51+00:00","description":".A perinat\u00e1lis szaktan\u00e1csad\u00e1s a v\u00e1rand\u00f3ss\u00e1g, sz\u00fcl\u00e9s \u00e9s a korai anyas\u00e1g id\u0151szak\u00e1ban ny\u00fajt szakmai \u00e9s \u00e9rzelmi t\u00e1mogat\u00e1st.","breadcrumb":{"@id":"https:\/\/kitarulavilag.hu\/perinatalis_szaktanacsadas\/#breadcrumb"},"inLanguage":"de-DE","potentialAction":[{"@type":"ReadAction","target":["https:\/\/kitarulavilag.hu\/perinatalis_szaktanacsadas\/"]}]},{"@type":"ImageObject","inLanguage":"de-DE","@id":"https:\/\/kitarulavilag.hu\/perinatalis_szaktanacsadas\/#primaryimage","url":"https:\/\/kitarulavilag.hu\/wp-content\/uploads\/2025\/10\/istockphoto-643148634-612x612-1.jpg","contentUrl":"https:\/\/kitarulavilag.hu\/wp-content\/uploads\/2025\/10\/istockphoto-643148634-612x612-1.jpg","width":612,"height":408,"caption":"Young Couple And Female Doctor In A Consultation. Woman and her man in doctors office talking with gynecologist"},{"@type":"BreadcrumbList","@id":"https:\/\/kitarulavilag.hu\/perinatalis_szaktanacsadas\/#breadcrumb","itemListElement":[{"@type":"ListItem","position":1,"name":"Kezd\u0151lap","item":"https:\/\/kitarulavilag.hu\/"},{"@type":"ListItem","position":2,"name":"Perinat\u00e1lis szaktan\u00e1csad\u00e1s"}]},{"@type":"WebSite","@id":"https:\/\/kitarulavilag.hu\/#website","url":"https:\/\/kitarulavilag.hu\/","name":"Melind\u00e1val Kit\u00e1rul a Vil\u00e1g","description":"Fejleszt\u0151 K\u00f6zpont","publisher":{"@id":"https:\/\/kitarulavilag.hu\/#organization"},"potentialAction":[{"@type":"SearchAction","target":{"@type":"EntryPoint","urlTemplate":"https:\/\/kitarulavilag.hu\/?s={search_term_string}"},"query-input":{"@type":"PropertyValueSpecification","valueRequired":true,"valueName":"search_term_string"}}],"inLanguage":"de-DE"},{"@type":"Organization","@id":"https:\/\/kitarulavilag.hu\/#organization","name":"Kit\u00e1rul a Vil\u00e1g Fejleszt\u0151 K\u00f6zpont","url":"https:\/\/kitarulavilag.hu\/","logo":{"@type":"ImageObject","inLanguage":"de-DE","@id":"https:\/\/kitarulavilag.hu\/#\/schema\/logo\/image\/","url":"http:\/\/kitarulavilag.hu\/wp-content\/uploads\/2021\/06\/cropped-Kitarul_a_vilag_logo-1.png","contentUrl":"http:\/\/kitarulavilag.hu\/wp-content\/uploads\/2021\/06\/cropped-Kitarul_a_vilag_logo-1.png","width":512,"height":512,"caption":"Kit\u00e1rul a Vil\u00e1g Fejleszt\u0151 K\u00f6zpont"},"image":{"@id":"https:\/\/kitarulavilag.hu\/#\/schema\/logo\/image\/"},"sameAs":["https:\/\/www.facebook.com\/kitarulavilag"]}]}},"jetpack_sharing_enabled":true,"_links":{"self":[{"href":"https:\/\/kitarulavilag.hu\/de\/wp-json\/wp\/v2\/pages\/246","targetHints":{"allow":["GET"]}}],"collection":[{"href":"https:\/\/kitarulavilag.hu\/de\/wp-json\/wp\/v2\/pages"}],"about":[{"href":"https:\/\/kitarulavilag.hu\/de\/wp-json\/wp\/v2\/types\/page"}],"author":[{"embeddable":true,"href":"https:\/\/kitarulavilag.hu\/de\/wp-json\/wp\/v2\/users\/2"}],"replies":[{"embeddable":true,"href":"https:\/\/kitarulavilag.hu\/de\/wp-json\/wp\/v2\/comments?post=246"}],"version-history":[{"count":12,"href":"https:\/\/kitarulavilag.hu\/de\/wp-json\/wp\/v2\/pages\/246\/revisions"}],"predecessor-version":[{"id":1196,"href":"https:\/\/kitarulavilag.hu\/de\/wp-json\/wp\/v2\/pages\/246\/revisions\/1196"}],"wp:featuredmedia":[{"embeddable":true,"href":"https:\/\/kitarulavilag.hu\/de\/wp-json\/wp\/v2\/media\/1191"}],"wp:attachment":[{"href":"https:\/\/kitarulavilag.hu\/de\/wp-json\/wp\/v2\/media?parent=246"}],"curies":[{"name":"wp","href":"https:\/\/api.w.org\/{rel}","templated":true}]}}