{"id":136,"date":"2021-06-25T10:29:28","date_gmt":"2021-06-25T10:29:28","guid":{"rendered":"http:\/\/kitarulavilag.hu\/?page_id=136"},"modified":"2026-04-17T17:46:36","modified_gmt":"2026-04-17T17:46:36","slug":"farkas-noemi","status":"publish","type":"page","link":"https:\/\/kitarulavilag.hu\/de\/farkas-noemi\/","title":{"rendered":"Farkas No\u00e9mi"},"content":{"rendered":"<p>[et_pb_section fb_built=&#8220;1&#8243; _builder_version=&#8220;4.16&#8243; _module_preset=&#8220;default&#8220; global_colors_info=&#8220;{}&#8220;][et_pb_row _builder_version=&#8220;4.16&#8243; _module_preset=&#8220;default&#8220; global_colors_info=&#8220;{}&#8220;][et_pb_column type=&#8220;4_4&#8243; _builder_version=&#8220;4.16&#8243; _module_preset=&#8220;default&#8220; global_colors_info=&#8220;{}&#8220;][et_pb_team_member name=&#8220;Farkas No\u00e9mi&#8220; position=&#8220;Int\u00e9zm\u00e9nyvezet\u0151, \u00e9rtelmileg akad\u00e1lyozottak pedag\u00f3gi\u00e1ja, szomatopedag\u00f3gia \u00e9s autizmus spektrum pedag\u00f3gi\u00e1ja szakir\u00e1nyos gy\u00f3gypedag\u00f3gus&#8220; image_url=&#8220;https:\/\/kitarulavilag.hu\/wp-content\/uploads\/2022\/01\/Noemi.jpg&#8220; _builder_version=&#8220;4.16&#8243; _module_preset=&#8220;default&#8220; global_colors_info=&#8220;{}&#8220;]<\/p>\n<p>&nbsp;<\/p>\n<p>V\u00e9gzetts\u00e9geim: gy\u00f3gypedag\u00f3gus, \u00e9rtelmileg akad\u00e1lyozottak pedag\u00f3gi\u00e1ja, szomatopedag\u00f3gia, autizmus spektrum pedag\u00f3gi\u00e1ja szakir\u00e1nyok, Pfaffenrot-manu\u00e1lter\u00e1pia.<\/p>\n<p>Az int\u00e9zm\u00e9ny megb\u00edzott vezet\u0151je vagyok.<\/p>\n<p>Gy\u00f3gypedag\u00f3gusi diplom\u00e1mat \u00e9rtelmileg akad\u00e1lyozottak pedag\u00f3gi\u00e1ja, szomatopedag\u00f3gia, majd autizmus spektrum pedag\u00f3gi\u00e1ja szakir\u00e1nyon szereztem. F\u00e9l \u00e9vet t\u00f6lt\u00f6ttem Vars\u00f3ban, ahol m\u00e9lyebben megismertem a l\u00e1t\u00e1ss\u00e9r\u00fcltek pedag\u00f3gi\u00e1ja szakir\u00e1nyt is.<\/p>\n<p>F\u0151iskolai tanulm\u00e1nyaim alatt t\u00f6bb tant\u00e1rgy keret\u00e9n bel\u00fcl megismertem a szenzoros integr\u00e1ci\u00f3s ter\u00e1pi\u00e1k l\u00e9nyeg\u00e9t \u00e9s alapjait, emellett az autizmus spektrumzavarral diagnosztiz\u00e1lt szem\u00e9lyek fejleszt\u00e9s\u00e9t.<\/p>\n<p>A fejleszt\u00e9seken f\u0151k\u00e9pp autizmus spektrumzavaros gyerekkel foglalkozom, illetve j\u00e1rnak hozz\u00e1m \u00e9rtelmileg akad\u00e1lyozott \u00e9s mozg\u00e1ss\u00e9r\u00fclt gyermekek is. Fejleszt\u00e9seim alapja a kommunik\u00e1ci\u00f3 \u2013 kognit\u00edv k\u00e9pess\u00e9gek \u2013 (szenzoros alap\u00fa) mozg\u00e1sfejleszt\u00e9s h\u00e1rmas\u00e1ra helyezem a hangs\u00falyt. A gyerk\u0151c\u00f6k fejleszt\u00e9s\u00e9n t\u00fal heti rendszeress\u00e9ggel vizsg\u00e1lom a hozz\u00e1nk bet\u00e9r\u0151, v\u00e1laszokat keres\u0151 sz\u00fcl\u0151k gyermekeit.<\/p>\n<p>[\/et_pb_team_member][\/et_pb_column][\/et_pb_row][et_pb_row _builder_version=&#8220;4.16&#8243; _module_preset=&#8220;default&#8220; global_colors_info=&#8220;{}&#8220;][et_pb_column type=&#8220;4_4&#8243; _builder_version=&#8220;4.16&#8243; _module_preset=&#8220;default&#8220; global_colors_info=&#8220;{}&#8220;][et_pb_button button_url=&#8220;@ET-DC@eyJkeW5hbWljIjp0cnVlLCJjb250ZW50IjoicG9zdF9saW5rX3VybF9wYWdlIiwic2V0dGluZ3MiOnsicG9zdF9pZCI6IjYxIn19@&#8220; button_text=&#8220;Vissza&#8220; button_alignment=&#8220;center&#8220; _builder_version=&#8220;4.16&#8243; _dynamic_attributes=&#8220;button_url&#8220; _module_preset=&#8220;default&#8220; global_colors_info=&#8220;{}&#8220;][\/et_pb_button][\/et_pb_column][\/et_pb_row][\/et_pb_section]<\/p>\n","protected":false},"excerpt":{"rendered":"<p>&nbsp; V\u00e9gzetts\u00e9geim: gy\u00f3gypedag\u00f3gus, \u00e9rtelmileg akad\u00e1lyozottak pedag\u00f3gi\u00e1ja, szomatopedag\u00f3gia, autizmus spektrum pedag\u00f3gi\u00e1ja szakir\u00e1nyok, Pfaffenrot-manu\u00e1lter\u00e1pia. Az int\u00e9zm\u00e9ny megb\u00edzott vezet\u0151je vagyok. Gy\u00f3gypedag\u00f3gusi diplom\u00e1mat \u00e9rtelmileg akad\u00e1lyozottak pedag\u00f3gi\u00e1ja, szomatopedag\u00f3gia, majd autizmus spektrum pedag\u00f3gi\u00e1ja szakir\u00e1nyon szereztem. F\u00e9l \u00e9vet t\u00f6lt\u00f6ttem Vars\u00f3ban, ahol m\u00e9lyebben megismertem a l\u00e1t\u00e1ss\u00e9r\u00fcltek pedag\u00f3gi\u00e1ja szakir\u00e1nyt is. F\u0151iskolai tanulm\u00e1nyaim alatt t\u00f6bb tant\u00e1rgy keret\u00e9n bel\u00fcl megismertem a szenzoros integr\u00e1ci\u00f3s ter\u00e1pi\u00e1k l\u00e9nyeg\u00e9t \u00e9s [&hellip;]<\/p>\n","protected":false},"author":2,"featured_media":64,"parent":0,"menu_order":0,"comment_status":"closed","ping_status":"closed","template":"","meta":{"_et_pb_use_builder":"on","_et_pb_old_content":"","_et_gb_content_width":"","footnotes":""},"class_list":["post-136","page","type-page","status-publish","has-post-thumbnail","hentry"],"yoast_head":"<!-- This site is optimized with the Yoast SEO plugin v27.4 - https:\/\/yoast.com\/product\/yoast-seo-wordpress\/ -->\n<title>Farkas No\u00e9mi<\/title>\n<meta name=\"description\" content=\"V\u00e9gzetts\u00e9geim: gy\u00f3gypedag\u00f3gus, \u00e9rtelmileg akad\u00e1lyozottak pedag\u00f3gi\u00e1ja, szomatopedag\u00f3gia, Pfaffenrot-manu\u00e1lter\u00e1pia. A d\u00e9l-pesti r\u00e9szleg vezet\u0151 helyettese vagyokGy\u00f3gypedag\u00f3gusi diplom\u00e1mat \u00e9rtelmileg akad\u00e1lyozottak pedag\u00f3gi\u00e1ja, majd szomatopedag\u00f3gia szakir\u00e1nyon szereztem. F\u00e9l \u00e9vet t\u00f6lt\u00f6ttem Vars\u00f3ban, ahol m\u00e9lyebben megismertem a l\u00e1t\u00e1ss\u00e9r\u00fcltek pedag\u00f3gi\u00e1ja szakir\u00e1nyt is.\" \/>\n<meta name=\"robots\" content=\"index, follow, max-snippet:-1, max-image-preview:large, max-video-preview:-1\" \/>\n<link rel=\"canonical\" href=\"https:\/\/kitarulavilag.hu\/de\/farkas-noemi\/\" \/>\n<meta property=\"og:locale\" content=\"de_DE\" \/>\n<meta property=\"og:locale:alternate\" content=\"hu_HU\" \/>\n<meta property=\"og:type\" content=\"article\" \/>\n<meta property=\"og:title\" content=\"Farkas No\u00e9mi\" \/>\n<meta property=\"og:description\" content=\"V\u00e9gzetts\u00e9geim: gy\u00f3gypedag\u00f3gus, \u00e9rtelmileg akad\u00e1lyozottak pedag\u00f3gi\u00e1ja, szomatopedag\u00f3gia, Pfaffenrot-manu\u00e1lter\u00e1pia. A d\u00e9l-pesti r\u00e9szleg vezet\u0151 helyettese vagyokGy\u00f3gypedag\u00f3gusi diplom\u00e1mat \u00e9rtelmileg akad\u00e1lyozottak pedag\u00f3gi\u00e1ja, majd szomatopedag\u00f3gia szakir\u00e1nyon szereztem. F\u00e9l \u00e9vet t\u00f6lt\u00f6ttem Vars\u00f3ban, ahol m\u00e9lyebben megismertem a l\u00e1t\u00e1ss\u00e9r\u00fcltek pedag\u00f3gi\u00e1ja szakir\u00e1nyt is.\" \/>\n<meta property=\"og:url\" content=\"https:\/\/kitarulavilag.hu\/de\/farkas-noemi\/\" \/>\n<meta property=\"og:site_name\" content=\"Melind\u00e1val Kit\u00e1rul a Vil\u00e1g\" \/>\n<meta property=\"article:publisher\" content=\"https:\/\/www.facebook.com\/kitarulavilag\" \/>\n<meta property=\"article:modified_time\" content=\"2026-04-17T17:46:36+00:00\" \/>\n<meta property=\"og:image\" content=\"https:\/\/kitarulavilag.hu\/wp-content\/uploads\/2021\/06\/farkas-noemi_k.jpg\" \/>\n\t<meta property=\"og:image:width\" content=\"300\" \/>\n\t<meta property=\"og:image:height\" content=\"300\" \/>\n\t<meta property=\"og:image:type\" content=\"image\/jpeg\" \/>\n<meta name=\"twitter:card\" content=\"summary_large_image\" \/>\n<meta name=\"twitter:label1\" content=\"Gesch\u00e4tzte Lesezeit\" \/>\n\t<meta name=\"twitter:data1\" content=\"2\u00a0Minuten\" \/>\n<script type=\"application\/ld+json\" class=\"yoast-schema-graph\">{\"@context\":\"https:\\\/\\\/schema.org\",\"@graph\":[{\"@type\":\"WebPage\",\"@id\":\"https:\\\/\\\/kitarulavilag.hu\\\/farkas-noemi\\\/\",\"url\":\"https:\\\/\\\/kitarulavilag.hu\\\/farkas-noemi\\\/\",\"name\":\"Farkas No\u00e9mi\",\"isPartOf\":{\"@id\":\"https:\\\/\\\/kitarulavilag.hu\\\/#website\"},\"primaryImageOfPage\":{\"@id\":\"https:\\\/\\\/kitarulavilag.hu\\\/farkas-noemi\\\/#primaryimage\"},\"image\":{\"@id\":\"https:\\\/\\\/kitarulavilag.hu\\\/farkas-noemi\\\/#primaryimage\"},\"thumbnailUrl\":\"https:\\\/\\\/kitarulavilag.hu\\\/wp-content\\\/uploads\\\/2021\\\/06\\\/farkas-noemi_k.jpg\",\"datePublished\":\"2021-06-25T10:29:28+00:00\",\"dateModified\":\"2026-04-17T17:46:36+00:00\",\"description\":\"V\u00e9gzetts\u00e9geim: gy\u00f3gypedag\u00f3gus, \u00e9rtelmileg akad\u00e1lyozottak pedag\u00f3gi\u00e1ja, szomatopedag\u00f3gia, Pfaffenrot-manu\u00e1lter\u00e1pia. A d\u00e9l-pesti r\u00e9szleg vezet\u0151 helyettese vagyokGy\u00f3gypedag\u00f3gusi diplom\u00e1mat \u00e9rtelmileg akad\u00e1lyozottak pedag\u00f3gi\u00e1ja, majd szomatopedag\u00f3gia szakir\u00e1nyon szereztem. F\u00e9l \u00e9vet t\u00f6lt\u00f6ttem Vars\u00f3ban, ahol m\u00e9lyebben megismertem a l\u00e1t\u00e1ss\u00e9r\u00fcltek pedag\u00f3gi\u00e1ja szakir\u00e1nyt is.\",\"breadcrumb\":{\"@id\":\"https:\\\/\\\/kitarulavilag.hu\\\/farkas-noemi\\\/#breadcrumb\"},\"inLanguage\":\"de-DE\",\"potentialAction\":[{\"@type\":\"ReadAction\",\"target\":[\"https:\\\/\\\/kitarulavilag.hu\\\/farkas-noemi\\\/\"]}]},{\"@type\":\"ImageObject\",\"inLanguage\":\"de-DE\",\"@id\":\"https:\\\/\\\/kitarulavilag.hu\\\/farkas-noemi\\\/#primaryimage\",\"url\":\"https:\\\/\\\/kitarulavilag.hu\\\/wp-content\\\/uploads\\\/2021\\\/06\\\/farkas-noemi_k.jpg\",\"contentUrl\":\"https:\\\/\\\/kitarulavilag.hu\\\/wp-content\\\/uploads\\\/2021\\\/06\\\/farkas-noemi_k.jpg\",\"width\":300,\"height\":300},{\"@type\":\"BreadcrumbList\",\"@id\":\"https:\\\/\\\/kitarulavilag.hu\\\/farkas-noemi\\\/#breadcrumb\",\"itemListElement\":[{\"@type\":\"ListItem\",\"position\":1,\"name\":\"Kezd\u0151lap\",\"item\":\"https:\\\/\\\/kitarulavilag.hu\\\/\"},{\"@type\":\"ListItem\",\"position\":2,\"name\":\"Farkas No\u00e9mi\"}]},{\"@type\":\"WebSite\",\"@id\":\"https:\\\/\\\/kitarulavilag.hu\\\/#website\",\"url\":\"https:\\\/\\\/kitarulavilag.hu\\\/\",\"name\":\"Melind\u00e1val Kit\u00e1rul a Vil\u00e1g\",\"description\":\"Fejleszt\u0151 K\u00f6zpont\",\"publisher\":{\"@id\":\"https:\\\/\\\/kitarulavilag.hu\\\/#organization\"},\"potentialAction\":[{\"@type\":\"SearchAction\",\"target\":{\"@type\":\"EntryPoint\",\"urlTemplate\":\"https:\\\/\\\/kitarulavilag.hu\\\/?s={search_term_string}\"},\"query-input\":{\"@type\":\"PropertyValueSpecification\",\"valueRequired\":true,\"valueName\":\"search_term_string\"}}],\"inLanguage\":\"de-DE\"},{\"@type\":\"Organization\",\"@id\":\"https:\\\/\\\/kitarulavilag.hu\\\/#organization\",\"name\":\"Kit\u00e1rul a Vil\u00e1g Fejleszt\u0151 K\u00f6zpont\",\"url\":\"https:\\\/\\\/kitarulavilag.hu\\\/\",\"logo\":{\"@type\":\"ImageObject\",\"inLanguage\":\"de-DE\",\"@id\":\"https:\\\/\\\/kitarulavilag.hu\\\/#\\\/schema\\\/logo\\\/image\\\/\",\"url\":\"http:\\\/\\\/kitarulavilag.hu\\\/wp-content\\\/uploads\\\/2021\\\/06\\\/cropped-Kitarul_a_vilag_logo-1.png\",\"contentUrl\":\"http:\\\/\\\/kitarulavilag.hu\\\/wp-content\\\/uploads\\\/2021\\\/06\\\/cropped-Kitarul_a_vilag_logo-1.png\",\"width\":512,\"height\":512,\"caption\":\"Kit\u00e1rul a Vil\u00e1g Fejleszt\u0151 K\u00f6zpont\"},\"image\":{\"@id\":\"https:\\\/\\\/kitarulavilag.hu\\\/#\\\/schema\\\/logo\\\/image\\\/\"},\"sameAs\":[\"https:\\\/\\\/www.facebook.com\\\/kitarulavilag\"]}]}<\/script>\n<!-- \/ Yoast SEO plugin. -->","yoast_head_json":{"title":"Farkas No\u00e9mi","description":"V\u00e9gzetts\u00e9geim: gy\u00f3gypedag\u00f3gus, \u00e9rtelmileg akad\u00e1lyozottak pedag\u00f3gi\u00e1ja, szomatopedag\u00f3gia, Pfaffenrot-manu\u00e1lter\u00e1pia. A d\u00e9l-pesti r\u00e9szleg vezet\u0151 helyettese vagyokGy\u00f3gypedag\u00f3gusi diplom\u00e1mat \u00e9rtelmileg akad\u00e1lyozottak pedag\u00f3gi\u00e1ja, majd szomatopedag\u00f3gia szakir\u00e1nyon szereztem. F\u00e9l \u00e9vet t\u00f6lt\u00f6ttem Vars\u00f3ban, ahol m\u00e9lyebben megismertem a l\u00e1t\u00e1ss\u00e9r\u00fcltek pedag\u00f3gi\u00e1ja szakir\u00e1nyt is.","robots":{"index":"index","follow":"follow","max-snippet":"max-snippet:-1","max-image-preview":"max-image-preview:large","max-video-preview":"max-video-preview:-1"},"canonical":"https:\/\/kitarulavilag.hu\/de\/farkas-noemi\/","og_locale":"de_DE","og_type":"article","og_title":"[:hu]Farkas No\u00e9mi[:] - Melind\u00e1val Kit\u00e1rul a Vil\u00e1g","og_description":"V\u00e9gzetts\u00e9geim: gy\u00f3gypedag\u00f3gus, \u00e9rtelmileg akad\u00e1lyozottak pedag\u00f3gi\u00e1ja, szomatopedag\u00f3gia, Pfaffenrot-manu\u00e1lter\u00e1pia. A d\u00e9l-pesti r\u00e9szleg vezet\u0151 helyettese vagyokGy\u00f3gypedag\u00f3gusi diplom\u00e1mat \u00e9rtelmileg akad\u00e1lyozottak pedag\u00f3gi\u00e1ja, majd szomatopedag\u00f3gia szakir\u00e1nyon szereztem. F\u00e9l \u00e9vet t\u00f6lt\u00f6ttem Vars\u00f3ban, ahol m\u00e9lyebben megismertem a l\u00e1t\u00e1ss\u00e9r\u00fcltek pedag\u00f3gi\u00e1ja szakir\u00e1nyt is.","og_url":"https:\/\/kitarulavilag.hu\/de\/farkas-noemi\/","og_site_name":"Melind\u00e1val Kit\u00e1rul a Vil\u00e1g","article_publisher":"https:\/\/www.facebook.com\/kitarulavilag","article_modified_time":"2026-04-17T17:46:36+00:00","og_image":[{"width":300,"height":300,"url":"https:\/\/kitarulavilag.hu\/wp-content\/uploads\/2021\/06\/farkas-noemi_k.jpg","type":"image\/jpeg"}],"twitter_card":"summary_large_image","twitter_misc":{"Gesch\u00e4tzte Lesezeit":"2\u00a0Minuten"},"schema":{"@context":"https:\/\/schema.org","@graph":[{"@type":"WebPage","@id":"https:\/\/kitarulavilag.hu\/farkas-noemi\/","url":"https:\/\/kitarulavilag.hu\/farkas-noemi\/","name":"Farkas No\u00e9mi","isPartOf":{"@id":"https:\/\/kitarulavilag.hu\/#website"},"primaryImageOfPage":{"@id":"https:\/\/kitarulavilag.hu\/farkas-noemi\/#primaryimage"},"image":{"@id":"https:\/\/kitarulavilag.hu\/farkas-noemi\/#primaryimage"},"thumbnailUrl":"https:\/\/kitarulavilag.hu\/wp-content\/uploads\/2021\/06\/farkas-noemi_k.jpg","datePublished":"2021-06-25T10:29:28+00:00","dateModified":"2026-04-17T17:46:36+00:00","description":"V\u00e9gzetts\u00e9geim: gy\u00f3gypedag\u00f3gus, \u00e9rtelmileg akad\u00e1lyozottak pedag\u00f3gi\u00e1ja, szomatopedag\u00f3gia, Pfaffenrot-manu\u00e1lter\u00e1pia. A d\u00e9l-pesti r\u00e9szleg vezet\u0151 helyettese vagyokGy\u00f3gypedag\u00f3gusi diplom\u00e1mat \u00e9rtelmileg akad\u00e1lyozottak pedag\u00f3gi\u00e1ja, majd szomatopedag\u00f3gia szakir\u00e1nyon szereztem. F\u00e9l \u00e9vet t\u00f6lt\u00f6ttem Vars\u00f3ban, ahol m\u00e9lyebben megismertem a l\u00e1t\u00e1ss\u00e9r\u00fcltek pedag\u00f3gi\u00e1ja szakir\u00e1nyt is.","breadcrumb":{"@id":"https:\/\/kitarulavilag.hu\/farkas-noemi\/#breadcrumb"},"inLanguage":"de-DE","potentialAction":[{"@type":"ReadAction","target":["https:\/\/kitarulavilag.hu\/farkas-noemi\/"]}]},{"@type":"ImageObject","inLanguage":"de-DE","@id":"https:\/\/kitarulavilag.hu\/farkas-noemi\/#primaryimage","url":"https:\/\/kitarulavilag.hu\/wp-content\/uploads\/2021\/06\/farkas-noemi_k.jpg","contentUrl":"https:\/\/kitarulavilag.hu\/wp-content\/uploads\/2021\/06\/farkas-noemi_k.jpg","width":300,"height":300},{"@type":"BreadcrumbList","@id":"https:\/\/kitarulavilag.hu\/farkas-noemi\/#breadcrumb","itemListElement":[{"@type":"ListItem","position":1,"name":"Kezd\u0151lap","item":"https:\/\/kitarulavilag.hu\/"},{"@type":"ListItem","position":2,"name":"Farkas No\u00e9mi"}]},{"@type":"WebSite","@id":"https:\/\/kitarulavilag.hu\/#website","url":"https:\/\/kitarulavilag.hu\/","name":"Melind\u00e1val Kit\u00e1rul a Vil\u00e1g","description":"Fejleszt\u0151 K\u00f6zpont","publisher":{"@id":"https:\/\/kitarulavilag.hu\/#organization"},"potentialAction":[{"@type":"SearchAction","target":{"@type":"EntryPoint","urlTemplate":"https:\/\/kitarulavilag.hu\/?s={search_term_string}"},"query-input":{"@type":"PropertyValueSpecification","valueRequired":true,"valueName":"search_term_string"}}],"inLanguage":"de-DE"},{"@type":"Organization","@id":"https:\/\/kitarulavilag.hu\/#organization","name":"Kit\u00e1rul a Vil\u00e1g Fejleszt\u0151 K\u00f6zpont","url":"https:\/\/kitarulavilag.hu\/","logo":{"@type":"ImageObject","inLanguage":"de-DE","@id":"https:\/\/kitarulavilag.hu\/#\/schema\/logo\/image\/","url":"http:\/\/kitarulavilag.hu\/wp-content\/uploads\/2021\/06\/cropped-Kitarul_a_vilag_logo-1.png","contentUrl":"http:\/\/kitarulavilag.hu\/wp-content\/uploads\/2021\/06\/cropped-Kitarul_a_vilag_logo-1.png","width":512,"height":512,"caption":"Kit\u00e1rul a Vil\u00e1g Fejleszt\u0151 K\u00f6zpont"},"image":{"@id":"https:\/\/kitarulavilag.hu\/#\/schema\/logo\/image\/"},"sameAs":["https:\/\/www.facebook.com\/kitarulavilag"]}]}},"jetpack_sharing_enabled":true,"_links":{"self":[{"href":"https:\/\/kitarulavilag.hu\/de\/wp-json\/wp\/v2\/pages\/136","targetHints":{"allow":["GET"]}}],"collection":[{"href":"https:\/\/kitarulavilag.hu\/de\/wp-json\/wp\/v2\/pages"}],"about":[{"href":"https:\/\/kitarulavilag.hu\/de\/wp-json\/wp\/v2\/types\/page"}],"author":[{"embeddable":true,"href":"https:\/\/kitarulavilag.hu\/de\/wp-json\/wp\/v2\/users\/2"}],"replies":[{"embeddable":true,"href":"https:\/\/kitarulavilag.hu\/de\/wp-json\/wp\/v2\/comments?post=136"}],"version-history":[{"count":11,"href":"https:\/\/kitarulavilag.hu\/de\/wp-json\/wp\/v2\/pages\/136\/revisions"}],"predecessor-version":[{"id":1287,"href":"https:\/\/kitarulavilag.hu\/de\/wp-json\/wp\/v2\/pages\/136\/revisions\/1287"}],"wp:featuredmedia":[{"embeddable":true,"href":"https:\/\/kitarulavilag.hu\/de\/wp-json\/wp\/v2\/media\/64"}],"wp:attachment":[{"href":"https:\/\/kitarulavilag.hu\/de\/wp-json\/wp\/v2\/media?parent=136"}],"curies":[{"name":"wp","href":"https:\/\/api.w.org\/{rel}","templated":true}]}}