{"id":122,"date":"2021-06-25T10:19:32","date_gmt":"2021-06-25T10:19:32","guid":{"rendered":"http:\/\/kitarulavilag.hu\/?page_id=122"},"modified":"2026-01-28T13:56:58","modified_gmt":"2026-01-28T13:56:58","slug":"elerhetoseg","status":"publish","type":"page","link":"https:\/\/kitarulavilag.hu\/de\/elerhetoseg\/","title":{"rendered":"El\u00e9rhet\u0151s\u00e9g"},"content":{"rendered":"<p>[et_pb_section fb_built=&#8220;1&#8243; _builder_version=&#8220;4.16&#8243; _module_preset=&#8220;default&#8220; global_colors_info=&#8220;{}&#8220;][et_pb_row _builder_version=&#8220;4.16&#8243; _module_preset=&#8220;default&#8220; custom_margin=&#8220;|187px||auto||&#8220; animation_style=&#8220;slide&#8220; animation_direction=&#8220;left&#8220; global_colors_info=&#8220;{}&#8220;][et_pb_column type=&#8220;4_4&#8243; _builder_version=&#8220;4.16&#8243; _module_preset=&#8220;default&#8220; global_colors_info=&#8220;{}&#8220;][et_pb_text _builder_version=&#8220;4.16&#8243; _module_preset=&#8220;default&#8220; header_4_text_align=&#8220;center&#8220; text_orientation=&#8220;center&#8220; global_colors_info=&#8220;{}&#8220;]<\/p>\n<h4>Kedves Sz\u00fcl\u0151k, \u00c9rdekl\u0151d\u0151k!<\/h4>\n<p>&nbsp;<\/p>\n<p>\u00a0<span style=\"font-size: medium;\"><strong>Sajnos a 2025\/26-os tan\u00e9vre m\u00e1r nem tudunk \u00faj gyermeket fogadni atuizmus spektrum zavar diagn\u00f3zissal. A k\u00f6vetkez\u0151 tan\u00e9v v\u00e1r\u00f3list\u00e1j\u00e1ra tudunk csak fel\u00edrni gyerekeket.\u00a0<br \/><span style=\"font-size: x-large;\">Csecsem\u0151k, szenzoros integr\u00e1ci\u00f3s ter\u00e1pia ir\u00e1nt \u00e9rdekl\u0151d\u0151k jelentkez\u00e9s\u00e9t tov\u00e1bbra is v\u00e1rjuk.<\/span><\/strong><\/span><\/p>\n<p>B\u00e1rmily megtisztel\u0151 a megkeres\u00e9s autizmus diagnosztik\u00e1ja c\u00e9lj\u00e1b\u00f3l, int\u00e9zm\u00e9ny\u00fcnk, gyermekpszichi\u00e1ter szakorvos h\u00edj\u00e1n erre nem alkalmas. Az Autizmus Mintah\u00e1z, a Heim P\u00e1l K\u00f3rh\u00e1z Ment\u00e1lhigi\u00e9n\u00e9s K\u00f6zpontja, az Autizmus Alap\u00edtv\u00e1ny remek diagnosztiz\u00e1l\u00f3 int\u00e9zm\u00e9nyek. Ezekkel az int\u00e9zm\u00e9nyekkel a kapcsolatot vagy a t\u0151l\u00fcnk kapott gy\u00f3gypedag\u00f3giai v\u00e9lem\u00e9nnyel vagy \u00f3vodai pedag\u00f3giai v\u00e9lem\u00e9nnyel vagy a Pedag\u00f3giai Szakszolg\u00e1lat szakv\u00e9lem\u00e9ny\u00e9vel tudj\u00e1k felvenni, az adott int\u00e9zm\u00e9ny email c\u00edm\u00e9n.\u00a0<\/p>\n<p>&nbsp;<\/p>\n<p><span style=\"font-size: large;\"><strong>Az a k\u00e9r\u00e9s\u00fcnk, hogy a kapcsolatfelv\u00e9telre r\u00e9szes\u00edts\u00e9k el\u0151nyben az emailes \u00e9s facebookos <\/strong><\/span><\/p>\n<p><span style=\"font-size: large;\"><strong>(a <a href=\"https:\/\/www.facebook.com\/kitarulavilagbt\">Kit\u00e1rul a vil\u00e1g Fejleszt\u0151 K\u00f6zpont<\/a> oldal\u00e1n) el\u00e9rhet\u0151s\u00e9geinket, ahol \u00fczenetek form\u00e1j\u00e1ban is kereshetnek benn\u00fcnket.<\/strong><\/span><\/p>\n<p>Az <strong>\u00f3vod\u00e1s koroszt\u00e1ly sz\u00e1m\u00e1ra fejleszt\u00e9seket a d\u00e9lel\u0151tti \u00e9s korad\u00e9lut\u00e1ni \u00f3r\u00e1kban tudjuk biztos\u00edtani<\/strong>, kiv\u00e9tel ez al\u00f3l a m\u00e1r m\u0171k\u00f6d\u0151 d\u00e9lut\u00e1ni csoportjaink, ahova korl\u00e1tozott sz\u00e1mban van hely.\u00a0<\/p>\n<p><span style=\"font-size: large;\">A d\u00e9lut\u00e1ni id\u0151szakban iskol\u00e1sokat, kamaszokat \u00e9s feln\u0151tteket tudunk fogadni.<\/span><\/p>\n<p>Int\u00e9zm\u00e9ny\u00fcnk r\u00e9szben v\u00e1r\u00f3list\u00e1val m\u0171k\u00f6dik. Igyeksz\u00fcnk a kapacit\u00e1sokon b\u0151v\u00edteni, viszont amennyiben a sz\u00fcl\u0151k nem tudj\u00e1k v\u00e1llalni, hogy az \u00f3vod\u00e1s\/b\u00f6lcs\u0151d\u00e9s koroszt\u00e1lyt\u00a0 a d\u00e9lel\u0151tti szabad id\u0151pontokra hozz\u00e1k, \u00fagy ak\u00e1r \u00e9veket kell v\u00e1rni a fejleszt\u00e9s megkezd\u00e9s\u00e9re.\u00a0<\/p>\n<p>Meg\u00e9rt\u00e9s\u00fcket k\u00f6sz\u00f6nj\u00fck!<\/p>\n<p>[\/et_pb_text][\/et_pb_column][\/et_pb_row][\/et_pb_section][et_pb_section fb_built=&#8220;1&#8243; _builder_version=&#8220;4.16&#8243; _module_preset=&#8220;default&#8220; background_color=&#8220;RGBA(0,0,0,0)&#8220; custom_padding=&#8220;0px||0px|||&#8220; global_colors_info=&#8220;{}&#8220;][et_pb_row _builder_version=&#8220;4.16&#8243; _module_preset=&#8220;default&#8220; background_color=&#8220;#016c9e&#8220; animation_style=&#8220;fade&#8220; global_colors_info=&#8220;{}&#8220;][et_pb_column type=&#8220;4_4&#8243; _builder_version=&#8220;4.16&#8243; _module_preset=&#8220;default&#8220; global_colors_info=&#8220;{}&#8220;][et_pb_text _builder_version=&#8220;4.16&#8243; _module_preset=&#8220;default&#8220; text_text_color=&#8220;#FFFFFF&#8220; text_font_size=&#8220;24px&#8220; header_4_text_align=&#8220;center&#8220; text_orientation=&#8220;center&#8220; custom_margin=&#8220;30px||30px||false|false&#8220; global_colors_info=&#8220;{}&#8220;]<\/p>\n<p>C\u00edm: 1205 M\u00e1rt\u00edrok \u00fatja 57.<\/p>\n<p><strong>Id\u0151pont egyeztet\u00e9s Tel.: +36-30\/896-8445<\/strong><\/p>\n<p>Email: <a href=\"mailto:kitarulavilagbt@gmail.com\">kitarulavilagbt@gmail.com<\/a><\/p>\n<p>Web: www.kitarulavilag.hu<\/p>\n<p>[\/et_pb_text][\/et_pb_column][\/et_pb_row][\/et_pb_section][et_pb_section fb_built=&#8220;1&#8243; _builder_version=&#8220;4.16&#8243; _module_preset=&#8220;default&#8220; global_colors_info=&#8220;{}&#8220;][et_pb_row _builder_version=&#8220;4.16&#8243; _module_preset=&#8220;default&#8220; animation_style=&#8220;slide&#8220; animation_direction=&#8220;left&#8220; global_colors_info=&#8220;{}&#8220;][et_pb_column type=&#8220;4_4&#8243; _builder_version=&#8220;4.16&#8243; _module_preset=&#8220;default&#8220; global_colors_info=&#8220;{}&#8220;][et_pb_text _builder_version=&#8220;4.27.3&#8243; _module_preset=&#8220;default&#8220; header_4_text_align=&#8220;center&#8220; text_orientation=&#8220;center&#8220; global_colors_info=&#8220;{}&#8220;]<\/p>\n<p><strong>Parkol\u00e1s:<\/strong> 10 m\u00e9terre a h\u00e1zt\u00f3l l\u00e9v\u0151 kis utc\u00e1ban (Vas Gereben u., Kossuth Lajos u.)<\/p>\n<p>&nbsp;<\/p>\n<p><strong>T\u00f6megk\u00f6zleked\u00e9ssel:<\/strong><\/p>\n<p>123, 123A, 148, 66 jelz\u00e9s\u0171 busszokkal a Kossuth Lajos u. (M\u00e1rt\u00edrok \u00fatja) meg\u00e1ll\u00f3,<\/p>\n<p>A meg\u00e1ll\u00f3kt\u00f3l a l\u00e1mp\u00e1kig s\u00e9t\u00e1lva (5 m\u00e9ter) m\u00e1r l\u00e1tszik a fejleszt\u0151 k\u00f6zpont.<\/p>\n<p>[\/et_pb_text][\/et_pb_column][\/et_pb_row][\/et_pb_section]<\/p>\n","protected":false},"excerpt":{"rendered":"<p>Kedves Sz\u00fcl\u0151k, \u00c9rdekl\u0151d\u0151k! &nbsp; \u00a0Sajnos a 2025\/26-os tan\u00e9vre m\u00e1r nem tudunk \u00faj gyermeket fogadni atuizmus spektrum zavar diagn\u00f3zissal. A k\u00f6vetkez\u0151 tan\u00e9v v\u00e1r\u00f3list\u00e1j\u00e1ra tudunk csak fel\u00edrni gyerekeket.\u00a0Csecsem\u0151k, szenzoros integr\u00e1ci\u00f3s ter\u00e1pia ir\u00e1nt \u00e9rdekl\u0151d\u0151k jelentkez\u00e9s\u00e9t tov\u00e1bbra is v\u00e1rjuk. B\u00e1rmily megtisztel\u0151 a megkeres\u00e9s autizmus diagnosztik\u00e1ja c\u00e9lj\u00e1b\u00f3l, int\u00e9zm\u00e9ny\u00fcnk, gyermekpszichi\u00e1ter szakorvos h\u00edj\u00e1n erre nem alkalmas. Az Autizmus Mintah\u00e1z, a Heim P\u00e1l [&hellip;]<\/p>\n","protected":false},"author":2,"featured_media":58,"parent":0,"menu_order":0,"comment_status":"closed","ping_status":"closed","template":"","meta":{"_et_pb_use_builder":"on","_et_pb_old_content":"","_et_gb_content_width":"","footnotes":""},"class_list":["post-122","page","type-page","status-publish","has-post-thumbnail","hentry"],"yoast_head":"<!-- This site is optimized with the Yoast SEO plugin v27.5 - https:\/\/yoast.com\/product\/yoast-seo-wordpress\/ -->\n<title>El\u00e9rhet\u0151s\u00e9g<\/title>\n<meta name=\"description\" content=\"1205 M\u00e1rt\u00edrok \u00fatja 57., Email: kitarulavilagbt@gmail.com - Az a k\u00e9r\u00e9s\u00fcnk, hogy a kapcsolatfelv\u00e9telre r\u00e9szes\u00edts\u00e9k el\u0151nyben az emailes \u00e9s facebokos (a Kit\u00e1rul a vil\u00e1g Fejleszt\u0151 K\u00f6zpont oldal\u00e1n) el\u00e9rhet\u0151s\u00e9geinket, ahol \u00fczenetek form\u00e1j\u00e1ban is kereshetnek benn\u00fcnket.\" \/>\n<meta name=\"robots\" content=\"index, follow, max-snippet:-1, max-image-preview:large, max-video-preview:-1\" \/>\n<link rel=\"canonical\" href=\"https:\/\/kitarulavilag.hu\/de\/elerhetoseg\/\" \/>\n<meta property=\"og:locale\" content=\"de_DE\" \/>\n<meta property=\"og:locale:alternate\" content=\"hu_HU\" \/>\n<meta property=\"og:type\" content=\"article\" \/>\n<meta property=\"og:title\" content=\"El\u00e9rhet\u0151s\u00e9g\" \/>\n<meta property=\"og:description\" content=\"1205 M\u00e1rt\u00edrok \u00fatja 57., Email: kitarulavilagbt@gmail.com - Az a k\u00e9r\u00e9s\u00fcnk, hogy a kapcsolatfelv\u00e9telre r\u00e9szes\u00edts\u00e9k el\u0151nyben az emailes \u00e9s facebokos (a Kit\u00e1rul a vil\u00e1g Fejleszt\u0151 K\u00f6zpont oldal\u00e1n) el\u00e9rhet\u0151s\u00e9geinket, ahol \u00fczenetek form\u00e1j\u00e1ban is kereshetnek benn\u00fcnket.\" \/>\n<meta property=\"og:url\" content=\"https:\/\/kitarulavilag.hu\/de\/elerhetoseg\/\" \/>\n<meta property=\"og:site_name\" content=\"Melind\u00e1val Kit\u00e1rul a Vil\u00e1g\" \/>\n<meta property=\"article:publisher\" content=\"https:\/\/www.facebook.com\/kitarulavilag\" \/>\n<meta property=\"article:modified_time\" content=\"2026-01-28T13:56:58+00:00\" \/>\n<meta property=\"og:image\" content=\"https:\/\/kitarulavilag.hu\/wp-content\/uploads\/2021\/06\/cropped-Kitarul_a_vilag_logo-1.png\" \/>\n\t<meta property=\"og:image:width\" content=\"512\" \/>\n\t<meta property=\"og:image:height\" content=\"512\" \/>\n\t<meta property=\"og:image:type\" content=\"image\/png\" \/>\n<meta name=\"twitter:card\" content=\"summary_large_image\" \/>\n<meta name=\"twitter:label1\" content=\"Gesch\u00e4tzte Lesezeit\" \/>\n\t<meta name=\"twitter:data1\" content=\"3\u00a0Minuten\" \/>\n<script type=\"application\/ld+json\" class=\"yoast-schema-graph\">{\"@context\":\"https:\\\/\\\/schema.org\",\"@graph\":[{\"@type\":\"WebPage\",\"@id\":\"https:\\\/\\\/kitarulavilag.hu\\\/elerhetoseg\\\/\",\"url\":\"https:\\\/\\\/kitarulavilag.hu\\\/elerhetoseg\\\/\",\"name\":\"El\u00e9rhet\u0151s\u00e9g\",\"isPartOf\":{\"@id\":\"https:\\\/\\\/kitarulavilag.hu\\\/#website\"},\"primaryImageOfPage\":{\"@id\":\"https:\\\/\\\/kitarulavilag.hu\\\/elerhetoseg\\\/#primaryimage\"},\"image\":{\"@id\":\"https:\\\/\\\/kitarulavilag.hu\\\/elerhetoseg\\\/#primaryimage\"},\"thumbnailUrl\":\"https:\\\/\\\/kitarulavilag.hu\\\/wp-content\\\/uploads\\\/2021\\\/06\\\/cropped-Kitarul_a_vilag_logo-1.png\",\"datePublished\":\"2021-06-25T10:19:32+00:00\",\"dateModified\":\"2026-01-28T13:56:58+00:00\",\"description\":\"1205 M\u00e1rt\u00edrok \u00fatja 57., Email: kitarulavilagbt@gmail.com - Az a k\u00e9r\u00e9s\u00fcnk, hogy a kapcsolatfelv\u00e9telre r\u00e9szes\u00edts\u00e9k el\u0151nyben az emailes \u00e9s facebokos (a Kit\u00e1rul a vil\u00e1g Fejleszt\u0151 K\u00f6zpont oldal\u00e1n) el\u00e9rhet\u0151s\u00e9geinket, ahol \u00fczenetek form\u00e1j\u00e1ban is kereshetnek benn\u00fcnket.\",\"breadcrumb\":{\"@id\":\"https:\\\/\\\/kitarulavilag.hu\\\/elerhetoseg\\\/#breadcrumb\"},\"inLanguage\":\"de-DE\",\"potentialAction\":[{\"@type\":\"ReadAction\",\"target\":[\"https:\\\/\\\/kitarulavilag.hu\\\/elerhetoseg\\\/\"]}]},{\"@type\":\"ImageObject\",\"inLanguage\":\"de-DE\",\"@id\":\"https:\\\/\\\/kitarulavilag.hu\\\/elerhetoseg\\\/#primaryimage\",\"url\":\"https:\\\/\\\/kitarulavilag.hu\\\/wp-content\\\/uploads\\\/2021\\\/06\\\/cropped-Kitarul_a_vilag_logo-1.png\",\"contentUrl\":\"https:\\\/\\\/kitarulavilag.hu\\\/wp-content\\\/uploads\\\/2021\\\/06\\\/cropped-Kitarul_a_vilag_logo-1.png\",\"width\":512,\"height\":512},{\"@type\":\"BreadcrumbList\",\"@id\":\"https:\\\/\\\/kitarulavilag.hu\\\/elerhetoseg\\\/#breadcrumb\",\"itemListElement\":[{\"@type\":\"ListItem\",\"position\":1,\"name\":\"Kezd\u0151lap\",\"item\":\"https:\\\/\\\/kitarulavilag.hu\\\/\"},{\"@type\":\"ListItem\",\"position\":2,\"name\":\"El\u00e9rhet\u0151s\u00e9g\"}]},{\"@type\":\"WebSite\",\"@id\":\"https:\\\/\\\/kitarulavilag.hu\\\/#website\",\"url\":\"https:\\\/\\\/kitarulavilag.hu\\\/\",\"name\":\"Melind\u00e1val Kit\u00e1rul a Vil\u00e1g\",\"description\":\"Fejleszt\u0151 K\u00f6zpont\",\"publisher\":{\"@id\":\"https:\\\/\\\/kitarulavilag.hu\\\/#organization\"},\"potentialAction\":[{\"@type\":\"SearchAction\",\"target\":{\"@type\":\"EntryPoint\",\"urlTemplate\":\"https:\\\/\\\/kitarulavilag.hu\\\/?s={search_term_string}\"},\"query-input\":{\"@type\":\"PropertyValueSpecification\",\"valueRequired\":true,\"valueName\":\"search_term_string\"}}],\"inLanguage\":\"de-DE\"},{\"@type\":\"Organization\",\"@id\":\"https:\\\/\\\/kitarulavilag.hu\\\/#organization\",\"name\":\"Kit\u00e1rul a Vil\u00e1g Fejleszt\u0151 K\u00f6zpont\",\"url\":\"https:\\\/\\\/kitarulavilag.hu\\\/\",\"logo\":{\"@type\":\"ImageObject\",\"inLanguage\":\"de-DE\",\"@id\":\"https:\\\/\\\/kitarulavilag.hu\\\/#\\\/schema\\\/logo\\\/image\\\/\",\"url\":\"http:\\\/\\\/kitarulavilag.hu\\\/wp-content\\\/uploads\\\/2021\\\/06\\\/cropped-Kitarul_a_vilag_logo-1.png\",\"contentUrl\":\"http:\\\/\\\/kitarulavilag.hu\\\/wp-content\\\/uploads\\\/2021\\\/06\\\/cropped-Kitarul_a_vilag_logo-1.png\",\"width\":512,\"height\":512,\"caption\":\"Kit\u00e1rul a Vil\u00e1g Fejleszt\u0151 K\u00f6zpont\"},\"image\":{\"@id\":\"https:\\\/\\\/kitarulavilag.hu\\\/#\\\/schema\\\/logo\\\/image\\\/\"},\"sameAs\":[\"https:\\\/\\\/www.facebook.com\\\/kitarulavilag\"]}]}<\/script>\n<!-- \/ Yoast SEO plugin. -->","yoast_head_json":{"title":"El\u00e9rhet\u0151s\u00e9g","description":"1205 M\u00e1rt\u00edrok \u00fatja 57., Email: kitarulavilagbt@gmail.com - Az a k\u00e9r\u00e9s\u00fcnk, hogy a kapcsolatfelv\u00e9telre r\u00e9szes\u00edts\u00e9k el\u0151nyben az emailes \u00e9s facebokos (a Kit\u00e1rul a vil\u00e1g Fejleszt\u0151 K\u00f6zpont oldal\u00e1n) el\u00e9rhet\u0151s\u00e9geinket, ahol \u00fczenetek form\u00e1j\u00e1ban is kereshetnek benn\u00fcnket.","robots":{"index":"index","follow":"follow","max-snippet":"max-snippet:-1","max-image-preview":"max-image-preview:large","max-video-preview":"max-video-preview:-1"},"canonical":"https:\/\/kitarulavilag.hu\/de\/elerhetoseg\/","og_locale":"de_DE","og_type":"article","og_title":"[:hu]El\u00e9rhet\u0151s\u00e9g[:] - Melind\u00e1val Kit\u00e1rul a Vil\u00e1g","og_description":"1205 M\u00e1rt\u00edrok \u00fatja 57., Email: kitarulavilagbt@gmail.com - Az a k\u00e9r\u00e9s\u00fcnk, hogy a kapcsolatfelv\u00e9telre r\u00e9szes\u00edts\u00e9k el\u0151nyben az emailes \u00e9s facebokos (a Kit\u00e1rul a vil\u00e1g Fejleszt\u0151 K\u00f6zpont oldal\u00e1n) el\u00e9rhet\u0151s\u00e9geinket, ahol \u00fczenetek form\u00e1j\u00e1ban is kereshetnek benn\u00fcnket.","og_url":"https:\/\/kitarulavilag.hu\/de\/elerhetoseg\/","og_site_name":"Melind\u00e1val Kit\u00e1rul a Vil\u00e1g","article_publisher":"https:\/\/www.facebook.com\/kitarulavilag","article_modified_time":"2026-01-28T13:56:58+00:00","og_image":[{"width":512,"height":512,"url":"https:\/\/kitarulavilag.hu\/wp-content\/uploads\/2021\/06\/cropped-Kitarul_a_vilag_logo-1.png","type":"image\/png"}],"twitter_card":"summary_large_image","twitter_misc":{"Gesch\u00e4tzte Lesezeit":"3\u00a0Minuten"},"schema":{"@context":"https:\/\/schema.org","@graph":[{"@type":"WebPage","@id":"https:\/\/kitarulavilag.hu\/elerhetoseg\/","url":"https:\/\/kitarulavilag.hu\/elerhetoseg\/","name":"El\u00e9rhet\u0151s\u00e9g","isPartOf":{"@id":"https:\/\/kitarulavilag.hu\/#website"},"primaryImageOfPage":{"@id":"https:\/\/kitarulavilag.hu\/elerhetoseg\/#primaryimage"},"image":{"@id":"https:\/\/kitarulavilag.hu\/elerhetoseg\/#primaryimage"},"thumbnailUrl":"https:\/\/kitarulavilag.hu\/wp-content\/uploads\/2021\/06\/cropped-Kitarul_a_vilag_logo-1.png","datePublished":"2021-06-25T10:19:32+00:00","dateModified":"2026-01-28T13:56:58+00:00","description":"1205 M\u00e1rt\u00edrok \u00fatja 57., Email: kitarulavilagbt@gmail.com - Az a k\u00e9r\u00e9s\u00fcnk, hogy a kapcsolatfelv\u00e9telre r\u00e9szes\u00edts\u00e9k el\u0151nyben az emailes \u00e9s facebokos (a Kit\u00e1rul a vil\u00e1g Fejleszt\u0151 K\u00f6zpont oldal\u00e1n) el\u00e9rhet\u0151s\u00e9geinket, ahol \u00fczenetek form\u00e1j\u00e1ban is kereshetnek benn\u00fcnket.","breadcrumb":{"@id":"https:\/\/kitarulavilag.hu\/elerhetoseg\/#breadcrumb"},"inLanguage":"de-DE","potentialAction":[{"@type":"ReadAction","target":["https:\/\/kitarulavilag.hu\/elerhetoseg\/"]}]},{"@type":"ImageObject","inLanguage":"de-DE","@id":"https:\/\/kitarulavilag.hu\/elerhetoseg\/#primaryimage","url":"https:\/\/kitarulavilag.hu\/wp-content\/uploads\/2021\/06\/cropped-Kitarul_a_vilag_logo-1.png","contentUrl":"https:\/\/kitarulavilag.hu\/wp-content\/uploads\/2021\/06\/cropped-Kitarul_a_vilag_logo-1.png","width":512,"height":512},{"@type":"BreadcrumbList","@id":"https:\/\/kitarulavilag.hu\/elerhetoseg\/#breadcrumb","itemListElement":[{"@type":"ListItem","position":1,"name":"Kezd\u0151lap","item":"https:\/\/kitarulavilag.hu\/"},{"@type":"ListItem","position":2,"name":"El\u00e9rhet\u0151s\u00e9g"}]},{"@type":"WebSite","@id":"https:\/\/kitarulavilag.hu\/#website","url":"https:\/\/kitarulavilag.hu\/","name":"Melind\u00e1val Kit\u00e1rul a Vil\u00e1g","description":"Fejleszt\u0151 K\u00f6zpont","publisher":{"@id":"https:\/\/kitarulavilag.hu\/#organization"},"potentialAction":[{"@type":"SearchAction","target":{"@type":"EntryPoint","urlTemplate":"https:\/\/kitarulavilag.hu\/?s={search_term_string}"},"query-input":{"@type":"PropertyValueSpecification","valueRequired":true,"valueName":"search_term_string"}}],"inLanguage":"de-DE"},{"@type":"Organization","@id":"https:\/\/kitarulavilag.hu\/#organization","name":"Kit\u00e1rul a Vil\u00e1g Fejleszt\u0151 K\u00f6zpont","url":"https:\/\/kitarulavilag.hu\/","logo":{"@type":"ImageObject","inLanguage":"de-DE","@id":"https:\/\/kitarulavilag.hu\/#\/schema\/logo\/image\/","url":"http:\/\/kitarulavilag.hu\/wp-content\/uploads\/2021\/06\/cropped-Kitarul_a_vilag_logo-1.png","contentUrl":"http:\/\/kitarulavilag.hu\/wp-content\/uploads\/2021\/06\/cropped-Kitarul_a_vilag_logo-1.png","width":512,"height":512,"caption":"Kit\u00e1rul a Vil\u00e1g Fejleszt\u0151 K\u00f6zpont"},"image":{"@id":"https:\/\/kitarulavilag.hu\/#\/schema\/logo\/image\/"},"sameAs":["https:\/\/www.facebook.com\/kitarulavilag"]}]}},"jetpack_sharing_enabled":true,"_links":{"self":[{"href":"https:\/\/kitarulavilag.hu\/de\/wp-json\/wp\/v2\/pages\/122","targetHints":{"allow":["GET"]}}],"collection":[{"href":"https:\/\/kitarulavilag.hu\/de\/wp-json\/wp\/v2\/pages"}],"about":[{"href":"https:\/\/kitarulavilag.hu\/de\/wp-json\/wp\/v2\/types\/page"}],"author":[{"embeddable":true,"href":"https:\/\/kitarulavilag.hu\/de\/wp-json\/wp\/v2\/users\/2"}],"replies":[{"embeddable":true,"href":"https:\/\/kitarulavilag.hu\/de\/wp-json\/wp\/v2\/comments?post=122"}],"version-history":[{"count":35,"href":"https:\/\/kitarulavilag.hu\/de\/wp-json\/wp\/v2\/pages\/122\/revisions"}],"predecessor-version":[{"id":1248,"href":"https:\/\/kitarulavilag.hu\/de\/wp-json\/wp\/v2\/pages\/122\/revisions\/1248"}],"wp:featuredmedia":[{"embeddable":true,"href":"https:\/\/kitarulavilag.hu\/de\/wp-json\/wp\/v2\/media\/58"}],"wp:attachment":[{"href":"https:\/\/kitarulavilag.hu\/de\/wp-json\/wp\/v2\/media?parent=122"}],"curies":[{"name":"wp","href":"https:\/\/api.w.org\/{rel}","templated":true}]}}